{"id":957,"date":"2024-06-11T08:10:09","date_gmt":"2024-06-11T05:10:09","guid":{"rendered":"https:\/\/ort.fi\/ortturkusrk\/?page_id=957"},"modified":"2026-05-17T07:45:28","modified_gmt":"2026-05-17T04:45:28","slug":"etusivu","status":"publish","type":"page","link":"https:\/\/ort.fi\/turku\/","title":{"rendered":"AJANKOHTAISTA"},"content":{"rendered":"\n<div class=\"wp-block-buttons is-layout-flex wp-block-buttons-is-layout-flex\">\n<div class=\"wp-block-button has-custom-width wp-block-button__width-50\"><a class=\"wp-block-button__link has-accent-background-color has-background wp-element-button\" href=\"https:\/\/ort.fi\/turku\/jumalanpalveluskalenteri\/\" style=\"border-radius:0px\">Jumalanpalveluskalenteri<\/a><\/div>\n\n\n\n<div class=\"wp-block-button has-custom-width wp-block-button__width-50 is-style-fill\"><a class=\"wp-block-button__link has-accent-background-color has-background wp-element-button\" href=\"https:\/\/ort.fi\/turku\/tapahtumakalenteri\/\" style=\"border-radius:0px\">Tapahtumakalenteri<\/a><\/div>\n<\/div>\n\n\n\n<hr class=\"wp-block-separator has-alpha-channel-opacity\"\/>\n\n\n\n<div class=\"wp-block-columns is-layout-flex wp-container-core-columns-is-layout-8f761849 wp-block-columns-is-layout-flex\">\n<div class=\"wp-block-column is-layout-flow wp-block-column-is-layout-flow\" style=\"flex-basis:100%\">\n<h2 class=\"wp-block-heading\">AJANKOHTAISTA<\/h2>\n\n\n<ul class=\"wp-block-latest-posts__list wp-block-latest-posts is-layout-flow wp-block-latest-posts-is-layout-flow\"><li><a class=\"wp-block-latest-posts__post-title\" href=\"https:\/\/ort.fi\/turku\/2026\/07\/27\/pyhan-aleksandran-kirkon-180-vuotisjuhla\/\">Pyh\u00e4n Aleksandran kirkon 180-vuotisjuhla<\/a><div class=\"wp-block-latest-posts__post-excerpt\">Seurakuntamme p\u00e4\u00e4pyh\u00e4kk\u00f6, Pyh\u00e4n Aleksandran kirkko, t\u00e4ytt\u00e4\u00e4 t\u00e4n\u00e4 vuonna 180 vuotta. Juhlavuoden p\u00e4\u00e4tapahtumaa vietet\u00e4\u00e4n sunnuntaina 27.9.2026. P\u00e4\u00e4juhlaan osallistuminen vaatii ilmoittautumisen. Ilmoittautumisaika on 1.-15.9. Monipuolista ja yhteis\u00f6llist\u00e4 ohjelmaa on luvassa koko viikonlopun ajan. L\u00e4mpim\u00e4sti tervetuloa! Ohjelma tapahtuu Pyh\u00e4n Aleksandran kirkossa (Yliopistokatu 19) ja sen edustalla, ellei toisin mainita. Juhlaohjelma: Perjantai 25.9.klo 19.00 Naiskvartetti Murusten ja N\u00e4sinneulakvartetin yhteiskonsertti&hellip; <a class=\"continue\" href=\"https:\/\/ort.fi\/turku\/2026\/07\/27\/pyhan-aleksandran-kirkon-180-vuotisjuhla\/\">Continue Reading<span> Pyh\u00e4n Aleksandran kirkon 180-vuotisjuhla<\/span><\/a><\/div><\/li>\n<\/ul>\n\n<ul class=\"wp-block-latest-posts__list is-grid columns-2 has-dates wp-block-latest-posts is-layout-flow wp-block-latest-posts-is-layout-flow\"><li><div class=\"wp-block-latest-posts__featured-image\"><a href=\"https:\/\/ort.fi\/turku\/2026\/09\/05\/monikieliset-liturgiat-ovat-alkaneet\/\" aria-label=\"Monikieliset liturgiat ovat alkaneet\"><img loading=\"lazy\" decoding=\"async\" width=\"1024\" height=\"768\" src=\"https:\/\/ort.fi\/turku\/wp-content\/uploads\/2025\/12\/IMG_3097-1024x768.jpg\" class=\"attachment-large size-large wp-post-image\" alt=\"IMG\" style=\"max-width:256px;max-height:256px;\" srcset=\"https:\/\/ort.fi\/turku\/wp-content\/uploads\/2025\/12\/IMG_3097-1024x768.jpg 1024w, https:\/\/ort.fi\/turku\/wp-content\/uploads\/2025\/12\/IMG_3097-300x225.jpg 300w, https:\/\/ort.fi\/turku\/wp-content\/uploads\/2025\/12\/IMG_3097-768x576.jpg 768w, https:\/\/ort.fi\/turku\/wp-content\/uploads\/2025\/12\/IMG_3097-1536x1152.jpg 1536w, https:\/\/ort.fi\/turku\/wp-content\/uploads\/2025\/12\/IMG_3097-2048x1536.jpg 2048w\" sizes=\"auto, (max-width: 1024px) 100vw, 1024px\" \/><\/a><\/div><a class=\"wp-block-latest-posts__post-title\" href=\"https:\/\/ort.fi\/turku\/2026\/09\/05\/monikieliset-liturgiat-ovat-alkaneet\/\">Monikieliset liturgiat ovat alkaneet<\/a><time datetime=\"2026-09-05T18:39:42+03:00\" class=\"wp-block-latest-posts__post-date\">5.9.2026<\/time><div class=\"wp-block-latest-posts__post-excerpt\">Sunnuntaiset liturgiat toimitetaan syyskuun alusta usealla kielell\u00e4. Alla tiedostot, joissa yhteisesti laulettavat ja luettavat osuuudet&hellip; <a class=\"continue\" href=\"https:\/\/ort.fi\/turku\/2026\/09\/05\/monikieliset-liturgiat-ovat-alkaneet\/\">Continue Reading<span> Monikieliset liturgiat ovat alkaneet<\/span><\/a><\/div><\/li>\n<li><div class=\"wp-block-latest-posts__featured-image\"><a href=\"https:\/\/ort.fi\/turku\/2026\/09\/05\/syksyn-ensimmaisessa-seurakuntaluennossa-puhutaan-rahasta\/\" aria-label=\"Syksyn ensimm\u00e4isess\u00e4 seurakuntaluennossa puhutaan rahasta\"><img loading=\"lazy\" decoding=\"async\" width=\"1024\" height=\"683\" src=\"https:\/\/ort.fi\/turku\/wp-content\/uploads\/2026\/09\/kschneider2991-money-2180330-1024x683.jpg\" class=\"attachment-large size-large wp-post-image\" alt=\"Kschneider2991 money\" style=\"max-width:256px;max-height:256px;\" srcset=\"https:\/\/ort.fi\/turku\/wp-content\/uploads\/2026\/09\/kschneider2991-money-2180330-1024x683.jpg 1024w, https:\/\/ort.fi\/turku\/wp-content\/uploads\/2026\/09\/kschneider2991-money-2180330-300x200.jpg 300w, https:\/\/ort.fi\/turku\/wp-content\/uploads\/2026\/09\/kschneider2991-money-2180330-768x512.jpg 768w, https:\/\/ort.fi\/turku\/wp-content\/uploads\/2026\/09\/kschneider2991-money-2180330-1536x1024.jpg 1536w, https:\/\/ort.fi\/turku\/wp-content\/uploads\/2026\/09\/kschneider2991-money-2180330-2048x1365.jpg 2048w\" sizes=\"auto, (max-width: 1024px) 100vw, 1024px\" \/><\/a><\/div><a class=\"wp-block-latest-posts__post-title\" href=\"https:\/\/ort.fi\/turku\/2026\/09\/05\/syksyn-ensimmaisessa-seurakuntaluennossa-puhutaan-rahasta\/\">Syksyn ensimm\u00e4isess\u00e4 seurakuntaluennossa puhutaan rahasta<\/a><time datetime=\"2026-09-05T12:49:06+03:00\" class=\"wp-block-latest-posts__post-date\">5.9.2026<\/time><div class=\"wp-block-latest-posts__post-excerpt\">Mihin kirkollisveroa tarvitaan? Paljonko maksan kirkollisveroa? Muun muassa n\u00e4ihin kysymyksiin vastataan kirkollisveroa ja seurakunnan taloutta&hellip; <a class=\"continue\" href=\"https:\/\/ort.fi\/turku\/2026\/09\/05\/syksyn-ensimmaisessa-seurakuntaluennossa-puhutaan-rahasta\/\">Continue Reading<span> Syksyn ensimm\u00e4isess\u00e4 seurakuntaluennossa puhutaan rahasta<\/span><\/a><\/div><\/li>\n<li><div class=\"wp-block-latest-posts__featured-image\"><a href=\"https:\/\/ort.fi\/turku\/2026\/09\/04\/english-language-discussions\/\" aria-label=\"English language discussions\"><img loading=\"lazy\" decoding=\"async\" width=\"819\" height=\"1024\" src=\"https:\/\/ort.fi\/turku\/wp-content\/uploads\/2026\/09\/Dr.-Grant-White-will-be-leading-discussions-this-fall-on-the-Divine-Liturgy-and-related-topics-819x1024.png\" class=\"attachment-large size-large wp-post-image\" alt=\"Dr. Grant White will be leading discussions this fall on the Divine Liturgy and related topics.\" style=\"max-width:256px;max-height:256px;\" srcset=\"https:\/\/ort.fi\/turku\/wp-content\/uploads\/2026\/09\/Dr.-Grant-White-will-be-leading-discussions-this-fall-on-the-Divine-Liturgy-and-related-topics-819x1024.png 819w, https:\/\/ort.fi\/turku\/wp-content\/uploads\/2026\/09\/Dr.-Grant-White-will-be-leading-discussions-this-fall-on-the-Divine-Liturgy-and-related-topics-240x300.png 240w, https:\/\/ort.fi\/turku\/wp-content\/uploads\/2026\/09\/Dr.-Grant-White-will-be-leading-discussions-this-fall-on-the-Divine-Liturgy-and-related-topics-768x960.png 768w, https:\/\/ort.fi\/turku\/wp-content\/uploads\/2026\/09\/Dr.-Grant-White-will-be-leading-discussions-this-fall-on-the-Divine-Liturgy-and-related-topics-1229x1536.png 1229w, https:\/\/ort.fi\/turku\/wp-content\/uploads\/2026\/09\/Dr.-Grant-White-will-be-leading-discussions-this-fall-on-the-Divine-Liturgy-and-related-topics-1638x2048.png 1638w, https:\/\/ort.fi\/turku\/wp-content\/uploads\/2026\/09\/Dr.-Grant-White-will-be-leading-discussions-this-fall-on-the-Divine-Liturgy-and-related-topics-scaled.png 2048w\" sizes=\"auto, (max-width: 819px) 100vw, 819px\" \/><\/a><\/div><a class=\"wp-block-latest-posts__post-title\" href=\"https:\/\/ort.fi\/turku\/2026\/09\/04\/english-language-discussions\/\">English language discussions<\/a><time datetime=\"2026-09-04T19:05:09+03:00\" class=\"wp-block-latest-posts__post-date\">4.9.2026<\/time><div class=\"wp-block-latest-posts__post-excerpt\">The English language discussion group is starting up again this fall! Welcome to the first&hellip; <a class=\"continue\" href=\"https:\/\/ort.fi\/turku\/2026\/09\/04\/english-language-discussions\/\">Continue Reading<span> English language discussions<\/span><\/a><\/div><\/li>\n<li><div class=\"wp-block-latest-posts__featured-image\"><a href=\"https:\/\/ort.fi\/turku\/2026\/09\/04\/lounasmusiikkikonstertteja-kirkossamme\/\" aria-label=\"Lounasmusiikkikonsertteja kirkossamme\"><img loading=\"lazy\" decoding=\"async\" width=\"1024\" height=\"681\" src=\"https:\/\/ort.fi\/turku\/wp-content\/uploads\/2026\/09\/DSC_1977-1024x681.jpg\" class=\"attachment-large size-large wp-post-image\" alt=\"Lauluyhtye MMXX\" style=\"max-width:256px;max-height:256px;\" srcset=\"https:\/\/ort.fi\/turku\/wp-content\/uploads\/2026\/09\/DSC_1977-1024x681.jpg 1024w, https:\/\/ort.fi\/turku\/wp-content\/uploads\/2026\/09\/DSC_1977-300x200.jpg 300w, https:\/\/ort.fi\/turku\/wp-content\/uploads\/2026\/09\/DSC_1977-768x511.jpg 768w, https:\/\/ort.fi\/turku\/wp-content\/uploads\/2026\/09\/DSC_1977-1536x1022.jpg 1536w, https:\/\/ort.fi\/turku\/wp-content\/uploads\/2026\/09\/DSC_1977-2048x1363.jpg 2048w\" sizes=\"auto, (max-width: 1024px) 100vw, 1024px\" \/><\/a><\/div><a class=\"wp-block-latest-posts__post-title\" href=\"https:\/\/ort.fi\/turku\/2026\/09\/04\/lounasmusiikkikonstertteja-kirkossamme\/\">Lounasmusiikkikonsertteja kirkossamme<\/a><time datetime=\"2026-09-04T15:29:47+03:00\" class=\"wp-block-latest-posts__post-date\">4.9.2026<\/time><div class=\"wp-block-latest-posts__post-excerpt\">Renessanssimusiikkiin erikoistunut lauluyhtye MMXX pit\u00e4\u00e4 joka kuunensimm\u00e4isen\u00e4 maanantaina Turun ortodoksisessa kirkossa lyhyit\u00e4musiikkituokioita, &#8221;Lounasmusiikkia&#8221; klo 12.&hellip; <a class=\"continue\" href=\"https:\/\/ort.fi\/turku\/2026\/09\/04\/lounasmusiikkikonstertteja-kirkossamme\/\">Continue Reading<span> Lounasmusiikkikonsertteja kirkossamme<\/span><\/a><\/div><\/li>\n<li><div class=\"wp-block-latest-posts__featured-image\"><a href=\"https:\/\/ort.fi\/turku\/2026\/09\/02\/tule-mukaan-vapaaehtoiseksi\/\" aria-label=\"Tule mukaan vapaaehtoiseksi!\"><img loading=\"lazy\" decoding=\"async\" width=\"1024\" height=\"439\" src=\"https:\/\/ort.fi\/turku\/wp-content\/uploads\/2025\/07\/Vapaaehtoiseksi-seurakuntaan-2100-x-900-px-1024x439.png\" class=\"attachment-large size-large wp-post-image\" alt=\"Vapaaehtoiseksi seurakuntaan\" style=\"max-width:256px;max-height:256px;\" srcset=\"https:\/\/ort.fi\/turku\/wp-content\/uploads\/2025\/07\/Vapaaehtoiseksi-seurakuntaan-2100-x-900-px-1024x439.png 1024w, https:\/\/ort.fi\/turku\/wp-content\/uploads\/2025\/07\/Vapaaehtoiseksi-seurakuntaan-2100-x-900-px-300x129.png 300w, https:\/\/ort.fi\/turku\/wp-content\/uploads\/2025\/07\/Vapaaehtoiseksi-seurakuntaan-2100-x-900-px-768x329.png 768w, https:\/\/ort.fi\/turku\/wp-content\/uploads\/2025\/07\/Vapaaehtoiseksi-seurakuntaan-2100-x-900-px-1536x658.png 1536w, https:\/\/ort.fi\/turku\/wp-content\/uploads\/2025\/07\/Vapaaehtoiseksi-seurakuntaan-2100-x-900-px-2048x878.png 2048w\" sizes=\"auto, (max-width: 1024px) 100vw, 1024px\" \/><\/a><\/div><a class=\"wp-block-latest-posts__post-title\" href=\"https:\/\/ort.fi\/turku\/2026\/09\/02\/tule-mukaan-vapaaehtoiseksi\/\">Tule mukaan vapaaehtoiseksi!<\/a><time datetime=\"2026-09-02T17:00:00+03:00\" class=\"wp-block-latest-posts__post-date\">2.9.2026<\/time><div class=\"wp-block-latest-posts__post-excerpt\">Haluatko saada tietoa seurakunnan vapaaehtoistoiminnasta ja mukaan toimintaan? Liity vapaaehtoisten WhatsApp-ryhm\u00e4\u00e4n! Ryhm\u00e4 on tarkoitettu kaikille&hellip; <a class=\"continue\" href=\"https:\/\/ort.fi\/turku\/2026\/09\/02\/tule-mukaan-vapaaehtoiseksi\/\">Continue Reading<span> Tule mukaan vapaaehtoiseksi!<\/span><\/a><\/div><\/li>\n<li><div class=\"wp-block-latest-posts__featured-image\"><a href=\"https:\/\/ort.fi\/turku\/2026\/09\/01\/vaistotilat-sinetoityivat-turun-ortodoksinen-seurakunta-ja-vpk-talo-allekirjoittivat-sopimuksen\/\" aria-label=\"V\u00e4ist\u00f6tilat sinet\u00f6ityiv\u00e4t: Turun ortodoksinen seurakunta ja VPK-talo allekirjoittivat sopimuksen\"><img loading=\"lazy\" decoding=\"async\" width=\"1024\" height=\"768\" src=\"https:\/\/ort.fi\/turku\/wp-content\/uploads\/2026\/09\/IMG_20260831_111650-1024x768.jpg\" class=\"attachment-large size-large wp-post-image\" alt=\"IMG 20260831\" style=\"max-width:256px;max-height:256px;\" srcset=\"https:\/\/ort.fi\/turku\/wp-content\/uploads\/2026\/09\/IMG_20260831_111650-1024x768.jpg 1024w, https:\/\/ort.fi\/turku\/wp-content\/uploads\/2026\/09\/IMG_20260831_111650-300x225.jpg 300w, https:\/\/ort.fi\/turku\/wp-content\/uploads\/2026\/09\/IMG_20260831_111650-768x576.jpg 768w, https:\/\/ort.fi\/turku\/wp-content\/uploads\/2026\/09\/IMG_20260831_111650-1536x1152.jpg 1536w, https:\/\/ort.fi\/turku\/wp-content\/uploads\/2026\/09\/IMG_20260831_111650-2048x1536.jpg 2048w\" sizes=\"auto, (max-width: 1024px) 100vw, 1024px\" \/><\/a><\/div><a class=\"wp-block-latest-posts__post-title\" href=\"https:\/\/ort.fi\/turku\/2026\/09\/01\/vaistotilat-sinetoityivat-turun-ortodoksinen-seurakunta-ja-vpk-talo-allekirjoittivat-sopimuksen\/\">V\u00e4ist\u00f6tilat sinet\u00f6ityiv\u00e4t: Turun ortodoksinen seurakunta ja VPK-talo allekirjoittivat sopimuksen<\/a><time datetime=\"2026-09-01T16:22:27+03:00\" class=\"wp-block-latest-posts__post-date\">1.9.2026<\/time><div class=\"wp-block-latest-posts__post-excerpt\">Turun ortodoksisen seurakunnan Pyh\u00e4n Aleksandran kirkon perustusten vahvistushankkeen valmistelut etenev\u00e4t. Alustavan aikataulun mukaan rakennusty\u00f6t alkavat&hellip; <a class=\"continue\" href=\"https:\/\/ort.fi\/turku\/2026\/09\/01\/vaistotilat-sinetoityivat-turun-ortodoksinen-seurakunta-ja-vpk-talo-allekirjoittivat-sopimuksen\/\">Continue Reading<span> V\u00e4ist\u00f6tilat sinet\u00f6ityiv\u00e4t: Turun ortodoksinen seurakunta ja VPK-talo allekirjoittivat sopimuksen<\/span><\/a><\/div><\/li>\n<\/ul>\n\n\n<p class=\"has-text-align-center wp-block-paragraph\"><a data-type=\"page\" data-id=\"439\" href=\"https:\/\/ort.fi\/turku\/uutiset\/\"><strong>Lis\u00e4\u00e4 uutisia t\u00e4st\u00e4<\/strong><\/a><\/p>\n<\/div>\n<\/div>\n\n\n\n<h5 class=\"wp-block-heading\"><strong><em>TERVETULOA TURUN SEURAKUNTAAN!<\/em><\/strong><\/h5>\n\n\n\n<p class=\"wp-block-paragraph\">Tervetuloa monikulttuuriseen Turun ortodoksiseen seurakuntaan. <a href=\"https:\/\/ort.fi\/\">Suomen ortodoksinen kirkko<\/a> palvelee kaikkia Suomessa asuvia ortodoksisen kirkon j\u00e4seni\u00e4 heid\u00e4n \u00e4idinkieleens\u00e4 ja kansalaisuuteensa katsomatta. Suomen ortodoksinen kirkko on toiminut vuodesta 1923 asti <a href=\"https:\/\/ec-patr.org\/\">Konstantinopolin Ekumeenisen patriarkaatin<\/a> yhteydess\u00e4. Turun ortodoksinen seurakunta on yksi kymmenest\u00e4 ortodoksisesta seurakunnasta Suomessa.<\/p>\n\n\n\n<p class=\"wp-block-paragraph\">Seurakunta toimii Lounais-Suomessa, Satakunnassa ja Ahvenanmaalla. <\/p>\n\n\n\n<div style=\"text-align: center;\"><iframe loading=\"lazy\" src=\"https:\/\/www.google.com\/maps\/d\/u\/1\/embed?mid=1wfQNc6TxceCXi8B70acm4BvNGPNiCVM&#038;ehbc=2E312F\" width=\"980\" height=\"680\"><\/iframe><\/div>\n\n\n\n<p class=\"has-text-align-center wp-block-paragraph\" style=\"font-size:15px\">Asut seurakunnan alueella, jos kotikuntasi on Aura, Br\u00e4nd\u00f6, Ecker\u00f6, Eura, Finstr\u00f6m, F\u00f6gl\u00f6, Geta, Hammarland, Harjavalta, Huittinen, Jomala, Kaarina, Kemi\u00f6nsaari, Kokem\u00e4ki, Koski, Kumlinge, Kustavi, K\u00f6kar, Laitila, Lemland, Lieto, Loimaa, Lumparland, Maarianhamina, Marttila, Masku, Myn\u00e4m\u00e4ki, Naantali, Nousiainen, Orip\u00e4\u00e4, Paimio, Parainen, Punkalaidun, Pyh\u00e4ranta, P\u00f6yty\u00e4, Raisio, Rauma, Rusko, Salo, Saltvik, Sauvo, Sottunga, Sund, S\u00e4kyl\u00e4, Taivassalo, Turku, Uusikaupunki, V\u00e5rd\u00f6 tai Vehmaa.<\/p>\n\n\n\n<hr class=\"wp-block-separator has-alpha-channel-opacity\"\/>\n\n\n\n<div class=\"wp-block-media-text alignwide has-media-on-the-right is-stacked-on-mobile is-vertically-aligned-center\" style=\"grid-template-columns:auto 26%\"><div class=\"wp-block-media-text__content\">\n<p class=\"wp-block-paragraph\"><strong>Ajankohtaista Suomen ortodoksisessa kirkossa<\/strong><\/p>\n\n\n\n<div class=\"wp-block-group is-nowrap is-layout-flex wp-container-core-group-is-layout-8f761849 wp-block-group-is-layout-flex\"><ul class=\"wp-block-rss\"><li class='wp-block-rss__item'><div class='wp-block-rss__item-title'><a href='https:\/\/ort.fi\/news\/suomen-ja-ruotsinkieliset-radioinnit-ylen-kanavilla-sunnuntaina-6-9\/'>Suomen- ja ruotsinkieliset radioinnit Ylen kanavilla sunnuntaina 6.9.<\/a><\/div><\/li><li class='wp-block-rss__item'><div class='wp-block-rss__item-title'><a href='https:\/\/ort.fi\/news\/rovasti-rauno-pietariselta-uusi-videosarja-ortodoksisesta-uskosta-ja-perinteesta\/'>Rovasti Rauno Pietariselta uusi videosarja ortodoksisesta uskosta ja perinteest\u00e4<\/a><\/div><\/li><li class='wp-block-rss__item'><div class='wp-block-rss__item-title'><a href='https:\/\/ort.fi\/news\/kirkkoneuvos-paavo-perola-in-memoriam\/'>Kirkkoneuvos Paavo Perola in memoriam<\/a><\/div><\/li><li class='wp-block-rss__item'><div class='wp-block-rss__item-title'><a href='https:\/\/ort.fi\/news\/jumalansynnyttajan-neitseen-marian-syntyma-8-9-3\/'>Jumalansynnytt\u00e4j\u00e4n Neitseen Marian syntym\u00e4 8.9.<\/a><\/div><\/li><li class='wp-block-rss__item'><div class='wp-block-rss__item-title'><a href='https:\/\/ort.fi\/news\/kirkon-kasvatuksen-ja-koulutuksen-koordinaattori-sari-vatanen-vahemmiston-oikeudet-eivat-ole-erityisoikeuksia\/'>Kirkon kasvatuksen ja koulutuksen koordinaattori Sari Vatanen: V\u00e4hemmist\u00f6n oikeudet eiv\u00e4t ole erityisoikeuksia<\/a><\/div><\/li><\/ul><\/div>\n<\/div><figure class=\"wp-block-media-text__media\"><a href=\"https:\/\/ort.fi\" target=\"_blank\" rel=\" noreferrer noopener\"><img loading=\"lazy\" decoding=\"async\" width=\"420\" height=\"403\" src=\"https:\/\/ort.fi\/ortturkusrk\/wp-content\/uploads\/2024\/12\/ort-logo.png\" alt=\"\" class=\"wp-image-4513 size-full\" srcset=\"https:\/\/ort.fi\/turku\/wp-content\/uploads\/2024\/12\/ort-logo.png 420w, https:\/\/ort.fi\/turku\/wp-content\/uploads\/2024\/12\/ort-logo-300x288.png 300w\" sizes=\"auto, (max-width: 420px) 100vw, 420px\" \/><\/a><\/figure><\/div>\n\n\n\n<hr class=\"wp-block-separator has-alpha-channel-opacity\"\/>\n\n\n\n<p class=\"wp-block-paragraph\"><\/p>\n","protected":false},"excerpt":{"rendered":"<p>AJANKOHTAISTA Lis\u00e4\u00e4 uutisia t\u00e4st\u00e4 TERVETULOA TURUN SEURAKUNTAAN! Tervetuloa monikulttuuriseen Turun ortodoksiseen seurakuntaan. Suomen ortodoksinen kirkko palvelee kaikkia Suomessa asuvia ortodoksisen kirkon j\u00e4seni\u00e4 heid\u00e4n \u00e4idinkieleens\u00e4 ja kansalaisuuteensa katsomatta. Suomen ortodoksinen kirkko on toiminut vuodesta 1923 asti Konstantinopolin Ekumeenisen patriarkaatin yhteydess\u00e4. Turun ortodoksinen seurakunta on yksi kymmenest\u00e4 ortodoksisesta seurakunnasta Suomessa. Seurakunta toimii Lounais-Suomessa, Satakunnassa ja Ahvenanmaalla. Asut&hellip; <a class=\"continue\" href=\"https:\/\/ort.fi\/turku\/\">Continue Reading<span> AJANKOHTAISTA<\/span><\/a><\/p>\n","protected":false},"author":5,"featured_media":6299,"parent":0,"menu_order":0,"comment_status":"closed","ping_status":"closed","template":"","meta":{"slim_seo":{"title":"Turun ortodoksinen seurakunta - Suomen ortodoksinen kirkko \u2022 Konstantinopolin ekumeeninen patriarkaatti","description":"AJANKOHTAISTA Lis\u00e4\u00e4 uutisia t\u00e4st\u00e4 TERVETULOA TURUN SEURAKUNTAAN! Tervetuloa monikulttuuriseen Turun ortodoksiseen seurakuntaan. Suomen ortodoksinen kirkko palve"},"footnotes":""},"class_list":["post-957","page","type-page","status-publish","has-post-thumbnail"],"_links":{"self":[{"href":"https:\/\/ort.fi\/turku\/wp-json\/wp\/v2\/pages\/957","targetHints":{"allow":["GET"]}}],"collection":[{"href":"https:\/\/ort.fi\/turku\/wp-json\/wp\/v2\/pages"}],"about":[{"href":"https:\/\/ort.fi\/turku\/wp-json\/wp\/v2\/types\/page"}],"author":[{"embeddable":true,"href":"https:\/\/ort.fi\/turku\/wp-json\/wp\/v2\/users\/5"}],"replies":[{"embeddable":true,"href":"https:\/\/ort.fi\/turku\/wp-json\/wp\/v2\/comments?post=957"}],"version-history":[{"count":9,"href":"https:\/\/ort.fi\/turku\/wp-json\/wp\/v2\/pages\/957\/revisions"}],"predecessor-version":[{"id":11731,"href":"https:\/\/ort.fi\/turku\/wp-json\/wp\/v2\/pages\/957\/revisions\/11731"}],"wp:featuredmedia":[{"embeddable":true,"href":"https:\/\/ort.fi\/turku\/wp-json\/wp\/v2\/media\/6299"}],"wp:attachment":[{"href":"https:\/\/ort.fi\/turku\/wp-json\/wp\/v2\/media?parent=957"}],"curies":[{"name":"wp","href":"https:\/\/api.w.org\/{rel}","templated":true}]}}