{"id":439,"date":"2024-09-09T18:28:35","date_gmt":"2024-09-09T15:28:35","guid":{"rendered":"https:\/\/ort.fi\/ortturkusrk\/?page_id=439"},"modified":"2026-07-22T12:37:03","modified_gmt":"2026-07-22T09:37:03","slug":"uutiset","status":"publish","type":"page","link":"https:\/\/ort.fi\/turku\/uutiset\/","title":{"rendered":"Uutiset"},"content":{"rendered":"<ul class=\"wp-block-latest-posts__list has-dates wp-block-latest-posts is-layout-flow wp-block-latest-posts-is-layout-flow\"><li><div class=\"wp-block-latest-posts__featured-image alignleft\"><img loading=\"lazy\" decoding=\"async\" width=\"300\" height=\"225\" src=\"https:\/\/ort.fi\/turku\/wp-content\/uploads\/2025\/12\/IMG_3097-300x225.jpg\" class=\"attachment-medium size-medium wp-post-image\" alt=\"IMG\" style=\"max-width:150px;max-height:150px;\" srcset=\"https:\/\/ort.fi\/turku\/wp-content\/uploads\/2025\/12\/IMG_3097-300x225.jpg 300w, https:\/\/ort.fi\/turku\/wp-content\/uploads\/2025\/12\/IMG_3097-1024x768.jpg 1024w, https:\/\/ort.fi\/turku\/wp-content\/uploads\/2025\/12\/IMG_3097-768x576.jpg 768w, https:\/\/ort.fi\/turku\/wp-content\/uploads\/2025\/12\/IMG_3097-1536x1152.jpg 1536w, https:\/\/ort.fi\/turku\/wp-content\/uploads\/2025\/12\/IMG_3097-2048x1536.jpg 2048w\" sizes=\"auto, (max-width: 300px) 100vw, 300px\" \/><\/div><a class=\"wp-block-latest-posts__post-title\" href=\"https:\/\/ort.fi\/turku\/2026\/09\/05\/monikieliset-liturgiat-ovat-alkaneet\/\">Monikieliset liturgiat ovat alkaneet<\/a><time datetime=\"2026-09-05T18:39:42+03:00\" class=\"wp-block-latest-posts__post-date\">5.9.2026<\/time><div class=\"wp-block-latest-posts__post-excerpt\">Sunnuntaiset liturgiat toimitetaan syyskuun alusta usealla kielell\u00e4. Alla tiedostot, joissa yhteisesti laulettavat ja luettavat osuuudet ovat eri kielill\u00e4. Kieli\u00e4 on tulossa lis\u00e4\u00e4. Slaavi Ukraina<\/div><\/li>\n<li><div class=\"wp-block-latest-posts__featured-image alignleft\"><img loading=\"lazy\" decoding=\"async\" width=\"300\" height=\"200\" src=\"https:\/\/ort.fi\/turku\/wp-content\/uploads\/2026\/09\/kschneider2991-money-2180330-300x200.jpg\" class=\"attachment-medium size-medium wp-post-image\" alt=\"Kschneider2991 money\" style=\"max-width:150px;max-height:150px;\" srcset=\"https:\/\/ort.fi\/turku\/wp-content\/uploads\/2026\/09\/kschneider2991-money-2180330-300x200.jpg 300w, https:\/\/ort.fi\/turku\/wp-content\/uploads\/2026\/09\/kschneider2991-money-2180330-1024x683.jpg 1024w, https:\/\/ort.fi\/turku\/wp-content\/uploads\/2026\/09\/kschneider2991-money-2180330-768x512.jpg 768w, https:\/\/ort.fi\/turku\/wp-content\/uploads\/2026\/09\/kschneider2991-money-2180330-1536x1024.jpg 1536w, https:\/\/ort.fi\/turku\/wp-content\/uploads\/2026\/09\/kschneider2991-money-2180330-2048x1365.jpg 2048w\" sizes=\"auto, (max-width: 300px) 100vw, 300px\" \/><\/div><a class=\"wp-block-latest-posts__post-title\" href=\"https:\/\/ort.fi\/turku\/2026\/09\/05\/syksyn-ensimmaisessa-seurakuntaluennossa-puhutaan-rahasta\/\">Syksyn ensimm\u00e4isess\u00e4 seurakuntaluennossa puhutaan rahasta<\/a><time datetime=\"2026-09-05T12:49:06+03:00\" class=\"wp-block-latest-posts__post-date\">5.9.2026<\/time><div class=\"wp-block-latest-posts__post-excerpt\">Mihin kirkollisveroa tarvitaan? Paljonko maksan kirkollisveroa? Muun muassa n\u00e4ihin kysymyksiin vastataan kirkollisveroa ja seurakunnan taloutta k\u00e4sittelev\u00e4ss\u00e4 illassa keskiviikkona 9.9. klo 18. Aihetta alustaa kirkkoherra Ioannis Lampropoulos. Paikka: Aleksandra-sali, Yliopistonkatu 19 B 3, Turku. Seurakuntaluennot j\u00e4rjestet\u00e4\u00e4n Aleksandran kahvilan yhteydess\u00e4. Tulevat luennot: Ke 7.10. Rovasti Andrei Verikov, &#8221;Pappi&hellip; <a class=\"continue\" href=\"https:\/\/ort.fi\/turku\/2026\/09\/05\/syksyn-ensimmaisessa-seurakuntaluennossa-puhutaan-rahasta\/\">Continue Reading<span> Syksyn ensimm\u00e4isess\u00e4 seurakuntaluennossa puhutaan rahasta<\/span><\/a><\/div><\/li>\n<li><div class=\"wp-block-latest-posts__featured-image alignleft\"><img loading=\"lazy\" decoding=\"async\" width=\"240\" height=\"300\" src=\"https:\/\/ort.fi\/turku\/wp-content\/uploads\/2026\/09\/Dr.-Grant-White-will-be-leading-discussions-this-fall-on-the-Divine-Liturgy-and-related-topics-240x300.png\" class=\"attachment-medium size-medium wp-post-image\" alt=\"Dr. Grant White will be leading discussions this fall on the Divine Liturgy and related topics.\" style=\"max-width:150px;max-height:150px;\" srcset=\"https:\/\/ort.fi\/turku\/wp-content\/uploads\/2026\/09\/Dr.-Grant-White-will-be-leading-discussions-this-fall-on-the-Divine-Liturgy-and-related-topics-240x300.png 240w, https:\/\/ort.fi\/turku\/wp-content\/uploads\/2026\/09\/Dr.-Grant-White-will-be-leading-discussions-this-fall-on-the-Divine-Liturgy-and-related-topics-819x1024.png 819w, https:\/\/ort.fi\/turku\/wp-content\/uploads\/2026\/09\/Dr.-Grant-White-will-be-leading-discussions-this-fall-on-the-Divine-Liturgy-and-related-topics-768x960.png 768w, https:\/\/ort.fi\/turku\/wp-content\/uploads\/2026\/09\/Dr.-Grant-White-will-be-leading-discussions-this-fall-on-the-Divine-Liturgy-and-related-topics-1229x1536.png 1229w, https:\/\/ort.fi\/turku\/wp-content\/uploads\/2026\/09\/Dr.-Grant-White-will-be-leading-discussions-this-fall-on-the-Divine-Liturgy-and-related-topics-1638x2048.png 1638w, https:\/\/ort.fi\/turku\/wp-content\/uploads\/2026\/09\/Dr.-Grant-White-will-be-leading-discussions-this-fall-on-the-Divine-Liturgy-and-related-topics-scaled.png 2048w\" sizes=\"auto, (max-width: 240px) 100vw, 240px\" \/><\/div><a class=\"wp-block-latest-posts__post-title\" href=\"https:\/\/ort.fi\/turku\/2026\/09\/04\/english-language-discussions\/\">English language discussions<\/a><time datetime=\"2026-09-04T19:05:09+03:00\" class=\"wp-block-latest-posts__post-date\">4.9.2026<\/time><div class=\"wp-block-latest-posts__post-excerpt\">The English language discussion group is starting up again this fall! Welcome to the first discussion on the 6th of September at 1 p.m.<\/div><\/li>\n<li><div class=\"wp-block-latest-posts__featured-image alignleft\"><img loading=\"lazy\" decoding=\"async\" width=\"300\" height=\"200\" src=\"https:\/\/ort.fi\/turku\/wp-content\/uploads\/2026\/09\/DSC_1977-300x200.jpg\" class=\"attachment-medium size-medium wp-post-image\" alt=\"Lauluyhtye MMXX\" style=\"max-width:150px;max-height:150px;\" srcset=\"https:\/\/ort.fi\/turku\/wp-content\/uploads\/2026\/09\/DSC_1977-300x200.jpg 300w, https:\/\/ort.fi\/turku\/wp-content\/uploads\/2026\/09\/DSC_1977-1024x681.jpg 1024w, https:\/\/ort.fi\/turku\/wp-content\/uploads\/2026\/09\/DSC_1977-768x511.jpg 768w, https:\/\/ort.fi\/turku\/wp-content\/uploads\/2026\/09\/DSC_1977-1536x1022.jpg 1536w, https:\/\/ort.fi\/turku\/wp-content\/uploads\/2026\/09\/DSC_1977-2048x1363.jpg 2048w\" sizes=\"auto, (max-width: 300px) 100vw, 300px\" \/><\/div><a class=\"wp-block-latest-posts__post-title\" href=\"https:\/\/ort.fi\/turku\/2026\/09\/04\/lounasmusiikkikonstertteja-kirkossamme\/\">Lounasmusiikkikonsertteja kirkossamme<\/a><time datetime=\"2026-09-04T15:29:47+03:00\" class=\"wp-block-latest-posts__post-date\">4.9.2026<\/time><div class=\"wp-block-latest-posts__post-excerpt\">Renessanssimusiikkiin erikoistunut lauluyhtye MMXX pit\u00e4\u00e4 joka kuunensimm\u00e4isen\u00e4 maanantaina Turun ortodoksisessa kirkossa lyhyit\u00e4musiikkituokioita, &#8221;Lounasmusiikkia&#8221; klo 12. Noin 15 minuuttiakest\u00e4viin pienoiskonsertteihin on vapaa p\u00e4\u00e4sy ja n\u00e4ihin voi nopeastipiipahtaa sis\u00e4\u00e4n tai j\u00e4\u00e4d\u00e4 kuuntelemaan koko konsertin ajaksi omanmieltymyksen ja ehtimisen mukaan. Tarkoituksena on tarjota viikonalkuun hetki rauhoittavaa ja helposti l\u00e4hestytt\u00e4v\u00e4\u00e4&hellip; <a class=\"continue\" href=\"https:\/\/ort.fi\/turku\/2026\/09\/04\/lounasmusiikkikonstertteja-kirkossamme\/\">Continue Reading<span> Lounasmusiikkikonsertteja kirkossamme<\/span><\/a><\/div><\/li>\n<li><div class=\"wp-block-latest-posts__featured-image alignleft\"><img loading=\"lazy\" decoding=\"async\" width=\"300\" height=\"129\" src=\"https:\/\/ort.fi\/turku\/wp-content\/uploads\/2025\/07\/Vapaaehtoiseksi-seurakuntaan-2100-x-900-px-300x129.png\" class=\"attachment-medium size-medium wp-post-image\" alt=\"Vapaaehtoiseksi seurakuntaan\" style=\"max-width:150px;max-height:150px;\" srcset=\"https:\/\/ort.fi\/turku\/wp-content\/uploads\/2025\/07\/Vapaaehtoiseksi-seurakuntaan-2100-x-900-px-300x129.png 300w, https:\/\/ort.fi\/turku\/wp-content\/uploads\/2025\/07\/Vapaaehtoiseksi-seurakuntaan-2100-x-900-px-1024x439.png 1024w, https:\/\/ort.fi\/turku\/wp-content\/uploads\/2025\/07\/Vapaaehtoiseksi-seurakuntaan-2100-x-900-px-768x329.png 768w, https:\/\/ort.fi\/turku\/wp-content\/uploads\/2025\/07\/Vapaaehtoiseksi-seurakuntaan-2100-x-900-px-1536x658.png 1536w, https:\/\/ort.fi\/turku\/wp-content\/uploads\/2025\/07\/Vapaaehtoiseksi-seurakuntaan-2100-x-900-px-2048x878.png 2048w\" sizes=\"auto, (max-width: 300px) 100vw, 300px\" \/><\/div><a class=\"wp-block-latest-posts__post-title\" href=\"https:\/\/ort.fi\/turku\/2026\/09\/02\/tule-mukaan-vapaaehtoiseksi\/\">Tule mukaan vapaaehtoiseksi!<\/a><time datetime=\"2026-09-02T17:00:00+03:00\" class=\"wp-block-latest-posts__post-date\">2.9.2026<\/time><div class=\"wp-block-latest-posts__post-excerpt\">Haluatko saada tietoa seurakunnan vapaaehtoistoiminnasta ja mukaan toimintaan? Liity vapaaehtoisten WhatsApp-ryhm\u00e4\u00e4n! Ryhm\u00e4 on tarkoitettu kaikille Turun ortodoksisen seurakunnan vapaaehtoisty\u00f6st\u00e4 kiinnostuneille ja jo vapaaehtoisena toimiville. Teht\u00e4vi\u00e4 on monenlaisia ja ne vaihtelevat kertaluontoisesta pitk\u00e4j\u00e4nteiseen toimintaan. Voit reagoida ryhm\u00e4ss\u00e4 viestiin, miss\u00e4 etsit\u00e4\u00e4n vapaaehtoisia sinua kiinnostavaan teht\u00e4v\u00e4\u00e4n niin sinuun ollaan&hellip; <a class=\"continue\" href=\"https:\/\/ort.fi\/turku\/2026\/09\/02\/tule-mukaan-vapaaehtoiseksi\/\">Continue Reading<span> Tule mukaan vapaaehtoiseksi!<\/span><\/a><\/div><\/li>\n<li><div class=\"wp-block-latest-posts__featured-image alignleft\"><img loading=\"lazy\" decoding=\"async\" width=\"300\" height=\"225\" src=\"https:\/\/ort.fi\/turku\/wp-content\/uploads\/2026\/09\/IMG_20260831_111650-300x225.jpg\" class=\"attachment-medium size-medium wp-post-image\" alt=\"IMG 20260831\" style=\"max-width:150px;max-height:150px;\" srcset=\"https:\/\/ort.fi\/turku\/wp-content\/uploads\/2026\/09\/IMG_20260831_111650-300x225.jpg 300w, https:\/\/ort.fi\/turku\/wp-content\/uploads\/2026\/09\/IMG_20260831_111650-1024x768.jpg 1024w, https:\/\/ort.fi\/turku\/wp-content\/uploads\/2026\/09\/IMG_20260831_111650-768x576.jpg 768w, https:\/\/ort.fi\/turku\/wp-content\/uploads\/2026\/09\/IMG_20260831_111650-1536x1152.jpg 1536w, https:\/\/ort.fi\/turku\/wp-content\/uploads\/2026\/09\/IMG_20260831_111650-2048x1536.jpg 2048w\" sizes=\"auto, (max-width: 300px) 100vw, 300px\" \/><\/div><a class=\"wp-block-latest-posts__post-title\" href=\"https:\/\/ort.fi\/turku\/2026\/09\/01\/vaistotilat-sinetoityivat-turun-ortodoksinen-seurakunta-ja-vpk-talo-allekirjoittivat-sopimuksen\/\">V\u00e4ist\u00f6tilat sinet\u00f6ityiv\u00e4t: Turun ortodoksinen seurakunta ja VPK-talo allekirjoittivat sopimuksen<\/a><time datetime=\"2026-09-01T16:22:27+03:00\" class=\"wp-block-latest-posts__post-date\">1.9.2026<\/time><div class=\"wp-block-latest-posts__post-excerpt\">Turun ortodoksisen seurakunnan Pyh\u00e4n Aleksandran kirkon perustusten vahvistushankkeen valmistelut etenev\u00e4t. Alustavan aikataulun mukaan rakennusty\u00f6t alkavat huhtikuussa 2027 ja jatkuvat kes\u00e4\u00e4n 2028 saakka. Kirkon sulkemisesta huolimatta seurakunnan liturginen el\u00e4m\u00e4 ja muu toiminta jatkuvat koko hankkeen ajan normaalisti. Hankkeen aikana arkip\u00e4ivien jumalanpalvelukset toimitetaan seurakuntasalissa Yliopistokadulla. Sunnuntaisin sek\u00e4 suurina&hellip; <a class=\"continue\" href=\"https:\/\/ort.fi\/turku\/2026\/09\/01\/vaistotilat-sinetoityivat-turun-ortodoksinen-seurakunta-ja-vpk-talo-allekirjoittivat-sopimuksen\/\">Continue Reading<span> V\u00e4ist\u00f6tilat sinet\u00f6ityiv\u00e4t: Turun ortodoksinen seurakunta ja VPK-talo allekirjoittivat sopimuksen<\/span><\/a><\/div><\/li>\n<li><div class=\"wp-block-latest-posts__featured-image alignleft\"><img loading=\"lazy\" decoding=\"async\" width=\"169\" height=\"300\" src=\"https:\/\/ort.fi\/turku\/wp-content\/uploads\/2026\/09\/20260901_140607-169x300.jpg\" class=\"attachment-medium size-medium wp-post-image\" alt=\"20260901\" style=\"max-width:150px;max-height:150px;\" srcset=\"https:\/\/ort.fi\/turku\/wp-content\/uploads\/2026\/09\/20260901_140607-169x300.jpg 169w, https:\/\/ort.fi\/turku\/wp-content\/uploads\/2026\/09\/20260901_140607-577x1024.jpg 577w, https:\/\/ort.fi\/turku\/wp-content\/uploads\/2026\/09\/20260901_140607-768x1364.jpg 768w, https:\/\/ort.fi\/turku\/wp-content\/uploads\/2026\/09\/20260901_140607-865x1536.jpg 865w, https:\/\/ort.fi\/turku\/wp-content\/uploads\/2026\/09\/20260901_140607-1153x2048.jpg 1153w, https:\/\/ort.fi\/turku\/wp-content\/uploads\/2026\/09\/20260901_140607-rotated.jpg 1302w\" sizes=\"auto, (max-width: 169px) 100vw, 169px\" \/><\/div><a class=\"wp-block-latest-posts__post-title\" href=\"https:\/\/ort.fi\/turku\/2026\/09\/01\/tiedote-seurakunnanneuvoston-kokouksesta-31-8-2026\/\">Tiedote seurakunnanneuvoston kokouksesta 31.8.2026<\/a><time datetime=\"2026-09-01T14:13:44+03:00\" class=\"wp-block-latest-posts__post-date\">1.9.2026<\/time><div class=\"wp-block-latest-posts__post-excerpt\">Turun ortodoksisen seurakunnan seurakunnanneuvosto kokoontui 31.8.2026 k\u00e4sittelem\u00e4\u00e4n seurakunnan hallintoon, talouteen ja kiinteist\u00f6ihin liittyvi\u00e4 asioita. Seurakunnanneuvosto p\u00e4\u00e4tti esitt\u00e4\u00e4 seurakunnanvaltuustolle, ett\u00e4 seurakunta nostaa kanteen Turun kaupunkia vastaan Pyh\u00e4n Aleksandran kirkon vaurioita koskevassa asiassa. Turun kaupunki on aiemmin hyl\u00e4nnyt seurakunnan vahingonkorvausvaatimuksen. Samalla p\u00e4\u00e4tti pyyt\u00e4\u00e4 selvityksen mahdollisista oikeudenk\u00e4yntikuluista valtuuston p\u00e4\u00e4t\u00f6ksenteon&hellip; <a class=\"continue\" href=\"https:\/\/ort.fi\/turku\/2026\/09\/01\/tiedote-seurakunnanneuvoston-kokouksesta-31-8-2026\/\">Continue Reading<span> Tiedote seurakunnanneuvoston kokouksesta 31.8.2026<\/span><\/a><\/div><\/li>\n<li><div class=\"wp-block-latest-posts__featured-image alignleft\"><img loading=\"lazy\" decoding=\"async\" width=\"300\" height=\"200\" src=\"https:\/\/ort.fi\/turku\/wp-content\/uploads\/2024\/06\/Kirkkosali-kattokruunu-300x200.jpg\" class=\"attachment-medium size-medium wp-post-image\" alt=\"20170518 Turku. Ortodoksikirkko. Kuva: Vesa Matti V\u00e4\u00e4r\u00e4.\" style=\"max-width:150px;max-height:150px;\" srcset=\"https:\/\/ort.fi\/turku\/wp-content\/uploads\/2024\/06\/Kirkkosali-kattokruunu-300x200.jpg 300w, https:\/\/ort.fi\/turku\/wp-content\/uploads\/2024\/06\/Kirkkosali-kattokruunu-1024x683.jpg 1024w, https:\/\/ort.fi\/turku\/wp-content\/uploads\/2024\/06\/Kirkkosali-kattokruunu-768x512.jpg 768w, https:\/\/ort.fi\/turku\/wp-content\/uploads\/2024\/06\/Kirkkosali-kattokruunu-1536x1024.jpg 1536w, https:\/\/ort.fi\/turku\/wp-content\/uploads\/2024\/06\/Kirkkosali-kattokruunu-2048x1365.jpg 2048w\" sizes=\"auto, (max-width: 300px) 100vw, 300px\" \/><\/div><a class=\"wp-block-latest-posts__post-title\" href=\"https:\/\/ort.fi\/turku\/2026\/09\/01\/kannattaa-maistaa-ja-katsoa\/\">Kannattaa maistaa ja katsoa!<\/a><time datetime=\"2026-09-01T09:00:00+03:00\" class=\"wp-block-latest-posts__post-date\">1.9.2026<\/time><div class=\"wp-block-latest-posts__post-excerpt\">Julkaistu Kupolissa 2\/2026 Kannattaa maistaa ja katsoa! Ulla-Maija Lajunen on n\u00e4hnyt ja osallistunut ortodoksisen kirkon el\u00e4m\u00e4\u00e4n yli 50 vuoden ajan. Luterilaiseen perheeseen syntyneen Ulla-Maijan ensimm\u00e4inen kipin\u00e4 ortodoksisuuteen syttyi koulukaverin perheen kodissa olleesta ikonista ja sen edess\u00e4 tehdyst\u00e4 ristinmerkist\u00e4. Uteliaisuus oli her\u00e4nnyt, ja aluksi ortodoksisuus oli j\u00e4\u00e4nyt&hellip; <a class=\"continue\" href=\"https:\/\/ort.fi\/turku\/2026\/09\/01\/kannattaa-maistaa-ja-katsoa\/\">Continue Reading<span> Kannattaa maistaa ja katsoa!<\/span><\/a><\/div><\/li>\n<li><div class=\"wp-block-latest-posts__featured-image alignleft\"><img loading=\"lazy\" decoding=\"async\" width=\"225\" height=\"300\" src=\"https:\/\/ort.fi\/turku\/wp-content\/uploads\/2026\/08\/IMG-20260815-WA0008-225x300.jpg\" class=\"attachment-medium size-medium wp-post-image\" alt=\"\" style=\"max-width:150px;max-height:150px;\" srcset=\"https:\/\/ort.fi\/turku\/wp-content\/uploads\/2026\/08\/IMG-20260815-WA0008-225x300.jpg 225w, https:\/\/ort.fi\/turku\/wp-content\/uploads\/2026\/08\/IMG-20260815-WA0008-768x1024.jpg 768w, https:\/\/ort.fi\/turku\/wp-content\/uploads\/2026\/08\/IMG-20260815-WA0008-1152x1536.jpg 1152w, https:\/\/ort.fi\/turku\/wp-content\/uploads\/2026\/08\/IMG-20260815-WA0008.jpg 1200w\" sizes=\"auto, (max-width: 225px) 100vw, 225px\" \/><\/div><a class=\"wp-block-latest-posts__post-title\" href=\"https:\/\/ort.fi\/turku\/2026\/08\/31\/mina-ja-matkani-ortodoksiseen-kirkkoon\/\">Min\u00e4 ja matkani ortodoksiseen kirkkoon\u00a0\u00a0<\/a><time datetime=\"2026-08-31T17:00:00+03:00\" class=\"wp-block-latest-posts__post-date\">31.8.2026<\/time><div class=\"wp-block-latest-posts__post-excerpt\">Taustaltani olen entinen evankelisluterilaisen kirkon j\u00e4sen. T\u00e4t\u00e4 nyky\u00e4 tuore ortodoksikirkon j\u00e4sen, liitetty tammikuussa 2026. Olen ollut hieman yli 50 vuotta evankelisluterilaisen kirkon j\u00e4sen, mutta perheeni ei ollut mitenk\u00e4\u00e4n uskonnollinen. Pakolliset rippikoulu, h\u00e4\u00e4t, hautajaiset -tyyppinen l\u00e4hestyminen. Minua paremmin tuntematta olisi voinut luulla ateistiksi. Oma matkani kirkon vaihtoon&hellip; <a class=\"continue\" href=\"https:\/\/ort.fi\/turku\/2026\/08\/31\/mina-ja-matkani-ortodoksiseen-kirkkoon\/\">Continue Reading<span> Min\u00e4 ja matkani ortodoksiseen kirkkoon\u00a0\u00a0<\/span><\/a><\/div><\/li>\n<li><div class=\"wp-block-latest-posts__featured-image alignleft\"><img loading=\"lazy\" decoding=\"async\" width=\"300\" height=\"199\" src=\"https:\/\/ort.fi\/turku\/wp-content\/uploads\/2024\/12\/DSC_4556-300x199.jpg\" class=\"attachment-medium size-medium wp-post-image\" alt=\"Pienet ikonit Aleksandran kirkosta\" style=\"max-width:150px;max-height:150px;\" srcset=\"https:\/\/ort.fi\/turku\/wp-content\/uploads\/2024\/12\/DSC_4556-300x199.jpg 300w, https:\/\/ort.fi\/turku\/wp-content\/uploads\/2024\/12\/DSC_4556-1024x678.jpg 1024w, https:\/\/ort.fi\/turku\/wp-content\/uploads\/2024\/12\/DSC_4556-768x509.jpg 768w, https:\/\/ort.fi\/turku\/wp-content\/uploads\/2024\/12\/DSC_4556-1536x1017.jpg 1536w, https:\/\/ort.fi\/turku\/wp-content\/uploads\/2024\/12\/DSC_4556-2048x1356.jpg 2048w\" sizes=\"auto, (max-width: 300px) 100vw, 300px\" \/><\/div><a class=\"wp-block-latest-posts__post-title\" href=\"https:\/\/ort.fi\/turku\/2026\/08\/31\/kirkkoa-kunnostamaan-yhdistyksen-voimin\/\">Kirkkoa kunnostamaan yhdistyksen voimin<\/a><time datetime=\"2026-08-31T09:29:25+03:00\" class=\"wp-block-latest-posts__post-date\">31.8.2026<\/time><div class=\"wp-block-latest-posts__post-excerpt\">Julkaistu Kupolissa 2\/2026 Kirkkomme on meille rakas ja keskeinen paikka. Rakennuksessa on ajan ja meid\u00e4n k\u00e4ytt\u00e4jien j\u00e4tt\u00e4mi\u00e4 j\u00e4lki\u00e4, mm. painaumia lattiassa ja huulipunaj\u00e4lki\u00e4 ikoneissa. N\u00e4m\u00e4 ovat kuitenkin kohtuullisesti korjattavissa. Merkitt\u00e4v\u00e4mpi\u00e4 ovat ongelmat kirkon rakenteissa, joita ovat aiheuttaneet ymp\u00e4rist\u00f6ss\u00e4 tehdyt massiiviset rakennusty\u00f6t. Kirkon korjauksen tarve on ilmeinen&hellip; <a class=\"continue\" href=\"https:\/\/ort.fi\/turku\/2026\/08\/31\/kirkkoa-kunnostamaan-yhdistyksen-voimin\/\">Continue Reading<span> Kirkkoa kunnostamaan yhdistyksen voimin<\/span><\/a><\/div><\/li>\n<li><div class=\"wp-block-latest-posts__featured-image alignleft\"><img loading=\"lazy\" decoding=\"async\" width=\"212\" height=\"300\" src=\"https:\/\/ort.fi\/turku\/wp-content\/uploads\/2026\/08\/Nuori-tule-toihin-pyhan-Aleksandran-kirkon-180-vuotisjuhlaan-1-212x300.png\" class=\"attachment-medium size-medium wp-post-image\" alt=\"Nuori, tule t\u00f6ihin pyh\u00e4n Aleksandran kirkon 180 vuotisjuhlaan! (1)\" style=\"max-width:150px;max-height:150px;\" srcset=\"https:\/\/ort.fi\/turku\/wp-content\/uploads\/2026\/08\/Nuori-tule-toihin-pyhan-Aleksandran-kirkon-180-vuotisjuhlaan-1-212x300.png 212w, https:\/\/ort.fi\/turku\/wp-content\/uploads\/2026\/08\/Nuori-tule-toihin-pyhan-Aleksandran-kirkon-180-vuotisjuhlaan-1-724x1024.png 724w, https:\/\/ort.fi\/turku\/wp-content\/uploads\/2026\/08\/Nuori-tule-toihin-pyhan-Aleksandran-kirkon-180-vuotisjuhlaan-1-768x1086.png 768w, https:\/\/ort.fi\/turku\/wp-content\/uploads\/2026\/08\/Nuori-tule-toihin-pyhan-Aleksandran-kirkon-180-vuotisjuhlaan-1-1086x1536.png 1086w, https:\/\/ort.fi\/turku\/wp-content\/uploads\/2026\/08\/Nuori-tule-toihin-pyhan-Aleksandran-kirkon-180-vuotisjuhlaan-1-1448x2048.png 1448w, https:\/\/ort.fi\/turku\/wp-content\/uploads\/2026\/08\/Nuori-tule-toihin-pyhan-Aleksandran-kirkon-180-vuotisjuhlaan-1-scaled.png 1810w\" sizes=\"auto, (max-width: 212px) 100vw, 212px\" \/><\/div><a class=\"wp-block-latest-posts__post-title\" href=\"https:\/\/ort.fi\/turku\/2026\/08\/30\/nuori-tule-toihin-pyhan-aleksandran-kirkon-180-vuotisjuhlaan\/\">Nuori, tule t\u00f6ihin pyh\u00e4n Aleksandran kirkon 180-vuotisjuhlaan!<\/a><time datetime=\"2026-08-30T13:34:30+03:00\" class=\"wp-block-latest-posts__post-date\">30.8.2026<\/time><div class=\"wp-block-latest-posts__post-excerpt\">Pyh\u00e4n Aleksandran kirkon 180-vuotisjuhlaa vietet\u00e4\u00e4n kirkossamme 25.-27.9.2026. Etsimme 5 nuorta ty\u00f6skentelem\u00e4\u00e4n juhlaviikonlopun aikana tapahtumassa. Hae 5.9. klo 16 menness\u00e4!<\/div><\/li>\n<li><div class=\"wp-block-latest-posts__featured-image alignleft\"><img loading=\"lazy\" decoding=\"async\" width=\"300\" height=\"138\" src=\"https:\/\/ort.fi\/turku\/wp-content\/uploads\/2026\/08\/Na\u0308ytto\u0308kuva-2026-08-30-kello-13.16.40-300x138.png\" class=\"attachment-medium size-medium wp-post-image\" alt=\"Na\u0308ytto\u0308kuva 2026 08 30 kello 13.16.40\" style=\"max-width:150px;max-height:150px;\" srcset=\"https:\/\/ort.fi\/turku\/wp-content\/uploads\/2026\/08\/Na\u0308ytto\u0308kuva-2026-08-30-kello-13.16.40-300x138.png 300w, https:\/\/ort.fi\/turku\/wp-content\/uploads\/2026\/08\/Na\u0308ytto\u0308kuva-2026-08-30-kello-13.16.40-768x353.png 768w, https:\/\/ort.fi\/turku\/wp-content\/uploads\/2026\/08\/Na\u0308ytto\u0308kuva-2026-08-30-kello-13.16.40.png 914w\" sizes=\"auto, (max-width: 300px) 100vw, 300px\" \/><\/div><a class=\"wp-block-latest-posts__post-title\" href=\"https:\/\/ort.fi\/turku\/2026\/08\/30\/katso-kaikki-sukupolvet-konsertti-la-26-9-klo-18-30\/\">Katso, kaikki sukupolvet &#8211; konsertti la 26.9. klo 18.30<\/a><time datetime=\"2026-08-30T13:17:20+03:00\" class=\"wp-block-latest-posts__post-date\">30.8.2026<\/time><div class=\"wp-block-latest-posts__post-excerpt\">Tervetuloa Aleksandran kirkkoon Turun ortodoksisen kirkon kuoron konserttiin kirkon 180-vuotisjuhlan kunniaksi la 26.9. klo 18.30. Vapaa p\u00e4\u00e4sy, ohjelma 10,00 euroa. K\u00e4siohjelman tuotot kirkon hyv\u00e4ksi.<\/div><\/li>\n<li><div class=\"wp-block-latest-posts__featured-image alignleft\"><img loading=\"lazy\" decoding=\"async\" width=\"300\" height=\"225\" src=\"https:\/\/ort.fi\/turku\/wp-content\/uploads\/2026\/08\/WhatsApp-Image-2026-08-28-at-16.12.00-300x225.jpeg\" class=\"attachment-medium size-medium wp-post-image\" alt=\"Lapsikuorolaisia elokuussa 2026 laulamassa kirkkolauluun liittyv\u00e4n opetusvideon kuvauksissa. Videon julkaisee ONL. Videon kuvaa ja editoi Jonathan Guilllaume.\" style=\"max-width:150px;max-height:150px;\" srcset=\"https:\/\/ort.fi\/turku\/wp-content\/uploads\/2026\/08\/WhatsApp-Image-2026-08-28-at-16.12.00-300x225.jpeg 300w, https:\/\/ort.fi\/turku\/wp-content\/uploads\/2026\/08\/WhatsApp-Image-2026-08-28-at-16.12.00-1024x768.jpeg 1024w, https:\/\/ort.fi\/turku\/wp-content\/uploads\/2026\/08\/WhatsApp-Image-2026-08-28-at-16.12.00-768x576.jpeg 768w, https:\/\/ort.fi\/turku\/wp-content\/uploads\/2026\/08\/WhatsApp-Image-2026-08-28-at-16.12.00-1536x1152.jpeg 1536w, https:\/\/ort.fi\/turku\/wp-content\/uploads\/2026\/08\/WhatsApp-Image-2026-08-28-at-16.12.00-e1787922901445.jpeg 1000w\" sizes=\"auto, (max-width: 300px) 100vw, 300px\" \/><\/div><a class=\"wp-block-latest-posts__post-title\" href=\"https:\/\/ort.fi\/turku\/2026\/08\/28\/lapsikuoro-aloittaa-taas-syyskuussa-ilmoittaudu-mukaan\/\">Lapsikuoro aloittaa taas syyskuussa \u2013 ilmoittaudu mukaan!<\/a><time datetime=\"2026-08-28T16:18:05+03:00\" class=\"wp-block-latest-posts__post-date\">28.8.2026<\/time><div class=\"wp-block-latest-posts__post-excerpt\">Turun ortodoksinen lapsikuoro aloittaa toimintansa taas syyskuussa. Kuoro on suunnattu kuorolaulusta kiinnostuneille 7\u201312-vuotiaille lapsille ja sit\u00e4 johtaa kanttori Riikka Patrikainen. Kuoro on lapsen kannalta monipuolinen oppimisymp\u00e4rist\u00f6. Kuorossa lapsi oppii musiikin perusteita ja moni\u00e4\u00e4nist\u00e4 kuorolaulua sek\u00e4 tuntemaan omaa \u00e4\u00e4nt\u00e4\u00e4n instrumenttina. Kuorossa toimiminen opettaa musiikillisten taitojen lis\u00e4ksi sosiaalisia&hellip; <a class=\"continue\" href=\"https:\/\/ort.fi\/turku\/2026\/08\/28\/lapsikuoro-aloittaa-taas-syyskuussa-ilmoittaudu-mukaan\/\">Continue Reading<span> Lapsikuoro aloittaa taas syyskuussa \u2013 ilmoittaudu mukaan!<\/span><\/a><\/div><\/li>\n<\/ul>\n\n\n<p class=\"wp-block-paragraph\"><\/p>\n","protected":false},"excerpt":{"rendered":"","protected":false},"author":3,"featured_media":0,"parent":0,"menu_order":0,"comment_status":"closed","ping_status":"closed","template":"","meta":{"slim_seo":{"title":"Uutiset - Turun ortodoksinen seurakunta","description":""},"footnotes":""},"class_list":["post-439","page","type-page","status-publish"],"_links":{"self":[{"href":"https:\/\/ort.fi\/turku\/wp-json\/wp\/v2\/pages\/439","targetHints":{"allow":["GET"]}}],"collection":[{"href":"https:\/\/ort.fi\/turku\/wp-json\/wp\/v2\/pages"}],"about":[{"href":"https:\/\/ort.fi\/turku\/wp-json\/wp\/v2\/types\/page"}],"author":[{"embeddable":true,"href":"https:\/\/ort.fi\/turku\/wp-json\/wp\/v2\/users\/3"}],"replies":[{"embeddable":true,"href":"https:\/\/ort.fi\/turku\/wp-json\/wp\/v2\/comments?post=439"}],"version-history":[{"count":1,"href":"https:\/\/ort.fi\/turku\/wp-json\/wp\/v2\/pages\/439\/revisions"}],"predecessor-version":[{"id":11553,"href":"https:\/\/ort.fi\/turku\/wp-json\/wp\/v2\/pages\/439\/revisions\/11553"}],"wp:attachment":[{"href":"https:\/\/ort.fi\/turku\/wp-json\/wp\/v2\/media?parent=439"}],"curies":[{"name":"wp","href":"https:\/\/api.w.org\/{rel}","templated":true}]}}