{"id":3391,"date":"2024-12-08T07:59:12","date_gmt":"2024-12-08T05:59:12","guid":{"rendered":"https:\/\/ort.fi\/ortturkusrk\/?page_id=3391"},"modified":"2025-01-29T13:10:42","modified_gmt":"2025-01-29T11:10:42","slug":"stiri-si-social-media","status":"publish","type":"page","link":"https:\/\/ort.fi\/turku\/stiri-si-social-media\/","title":{"rendered":"\u0218tiri \u0219i social media"},"content":{"rendered":"\n<h5 class=\"wp-block-heading\"><strong><em>\u0218tiri <\/em><\/strong><\/h5>\n\n\n<ul class=\"wp-block-latest-posts__list has-dates wp-block-latest-posts is-layout-flow wp-block-latest-posts-is-layout-flow\"><li><div class=\"wp-block-latest-posts__featured-image alignleft\"><img loading=\"lazy\" decoding=\"async\" width=\"300\" height=\"225\" src=\"https:\/\/ort.fi\/turku\/wp-content\/uploads\/2025\/12\/IMG_2183-300x225.jpg\" class=\"attachment-medium size-medium wp-post-image\" alt=\"IMG\" style=\"\" srcset=\"https:\/\/ort.fi\/turku\/wp-content\/uploads\/2025\/12\/IMG_2183-300x225.jpg 300w, https:\/\/ort.fi\/turku\/wp-content\/uploads\/2025\/12\/IMG_2183-1024x768.jpg 1024w, https:\/\/ort.fi\/turku\/wp-content\/uploads\/2025\/12\/IMG_2183-768x576.jpg 768w, https:\/\/ort.fi\/turku\/wp-content\/uploads\/2025\/12\/IMG_2183-1536x1152.jpg 1536w, https:\/\/ort.fi\/turku\/wp-content\/uploads\/2025\/12\/IMG_2183-2048x1536.jpg 2048w\" sizes=\"auto, (max-width: 300px) 100vw, 300px\" \/><\/div><a class=\"wp-block-latest-posts__post-title\" href=\"https:\/\/ort.fi\/turku\/2026\/09\/02\/biserica-un-loc-al-inaltarii-spirituale\/\">Biserica, un loc al \u00een\u0103l\u021b\u0103rii spirituale!<\/a><time datetime=\"2026-09-02T09:00:00+03:00\" class=\"wp-block-latest-posts__post-date\">2.9.2026<\/time><div class=\"wp-block-latest-posts__post-excerpt\">Cu to\u021bii avem amintiri din vremea c\u00e2nd mergeam \u00eempreun\u0103 cu p\u0103rin\u021bii sau bunicii no\u0219tri la biserica din satul sau ora\u0219ul \u00een care am crescut sau din locul nostru de origine. \u00cendrumarea p\u0103rin\u021bilor \u0219i a bunicilor no\u0219tri a devenit, pentru mul\u021bi, un mod de via\u021b\u0103. Pentru mul\u021bi dintre noi, indiferent de locul \u00een care locuim, participarea&hellip; <a class=\"continue\" href=\"https:\/\/ort.fi\/turku\/2026\/09\/02\/biserica-un-loc-al-inaltarii-spirituale\/\">Continue Reading<span> Biserica, un loc al \u00een\u0103l\u021b\u0103rii spirituale!<\/span><\/a><\/div><\/li>\n<li><div class=\"wp-block-latest-posts__featured-image alignleft\"><img loading=\"lazy\" decoding=\"async\" width=\"225\" height=\"300\" src=\"https:\/\/ort.fi\/turku\/wp-content\/uploads\/2026\/06\/WhatsApp-Image-2026-06-09-at-13.18.24-225x300.jpeg\" class=\"attachment-medium size-medium wp-post-image\" alt=\"WhatsApp Image 2026 06 09 at 13.18.24\" style=\"\" srcset=\"https:\/\/ort.fi\/turku\/wp-content\/uploads\/2026\/06\/WhatsApp-Image-2026-06-09-at-13.18.24-225x300.jpeg 225w, https:\/\/ort.fi\/turku\/wp-content\/uploads\/2026\/06\/WhatsApp-Image-2026-06-09-at-13.18.24-768x1024.jpeg 768w, https:\/\/ort.fi\/turku\/wp-content\/uploads\/2026\/06\/WhatsApp-Image-2026-06-09-at-13.18.24-1152x1536.jpeg 1152w, https:\/\/ort.fi\/turku\/wp-content\/uploads\/2026\/06\/WhatsApp-Image-2026-06-09-at-13.18.24-e1781000352410.jpeg 500w\" sizes=\"auto, (max-width: 225px) 100vw, 225px\" \/><\/div><a class=\"wp-block-latest-posts__post-title\" href=\"https:\/\/ort.fi\/turku\/2026\/06\/09\/informatii-despre-implementarea-practica-a-reformei-lingvistice-a-liturghiilor-de-duminica-in-parohia-ortodoxa-din-turku-in\/\">Informa\u021bii\u00a0despre\u00a0implementarea\u00a0practic\u0103\u00a0a\u00a0reformei\u00a0lingvistice\u00a0a\u00a0liturghiilor\u00a0de\u00a0duminic\u0103,\u00a0\u00een\u00a0Parohia\u00a0Ortodox\u0103\u00a0din Turku,\u00a0\u00eencep\u00e2nd\u00a0la 1\u00a0septembrie\u00a02026\u00a0<\/a><time datetime=\"2026-06-09T13:26:47+03:00\" class=\"wp-block-latest-posts__post-date\">9.6.2026<\/time><div class=\"wp-block-latest-posts__post-excerpt\">La 23&nbsp;martie,&nbsp;Consiliul&nbsp;Parohial&nbsp;al&nbsp;Bisericii&nbsp;Ortodoxe&nbsp;din&nbsp;Turku a&nbsp;luat&nbsp;o&nbsp;hot\u0103r\u00e2re&nbsp;\u00een&nbsp;privin\u021ba&nbsp;limbilor&nbsp;folosite&nbsp;\u00een&nbsp;timpul&nbsp;liturghiilor&nbsp;de&nbsp;duminic\u0103,&nbsp;hot\u0103r\u00e2re&nbsp;care&nbsp;urmeaz\u0103&nbsp;s\u0103&nbsp;fie&nbsp;introdus\u0103&nbsp;\u00een&nbsp;toamna&nbsp;anului&nbsp;2026.&nbsp;Limba&nbsp;principal\u0103&nbsp;a&nbsp;parohiei&nbsp;este&nbsp;finlandeza.&nbsp;Totodat\u0103,&nbsp;\u00een&nbsp;fiecare&nbsp;duminic\u0103, se&nbsp;vor&nbsp;lua&nbsp;\u00een&nbsp;considerare&nbsp;\u0219i&nbsp;ceilal\u021bi&nbsp;membri&nbsp;ai&nbsp;parohiei&nbsp;noastre&nbsp;\u0219i&nbsp;principalele&nbsp;grupuri&nbsp;lingvistice,&nbsp;conform&nbsp;urm\u0103torului&nbsp;ritm&nbsp;s\u0103pt\u0103m\u00e2nal:&nbsp; \u00cen&nbsp;prima&nbsp;duminic\u0103&nbsp;a&nbsp;fiec\u0103rei&nbsp;luni, pe&nbsp;l\u00e2ng\u0103&nbsp;finlandez\u0103,&nbsp;sf\u00e2nta&nbsp;liturghie&nbsp;se&nbsp;va&nbsp;efectua&nbsp;\u00een&nbsp;slav\u0103&nbsp;\u0219i&nbsp;ucrainean\u0103.&nbsp; \u00cen a doua duminic\u0103&nbsp;a lunii,&nbsp;slujba va fi \u00een&nbsp;finlandez\u0103 \u0219i&nbsp;greac\u0103.&nbsp; \u00centr-a treia&nbsp;duminic\u0103&nbsp;a lunii, slujba va fi&nbsp;\u00een&nbsp;finlandez\u0103 \u0219i rom\u00e2n\u0103.&nbsp; \u00centr-a&nbsp;patra duminic\u0103&nbsp;a lunii, slujba va fi \u00een&nbsp;finlandez\u0103&nbsp;\u0219i&nbsp;englez\u0103.&nbsp; \u00cen cazul \u00een care&nbsp;se nimere\u0219te \u0219i o a cincea duminic\u0103 a lunii, slujba va fi \u00een&nbsp;finlandez\u0103 \u0219i&nbsp;suedez\u0103.&nbsp; Datorit\u0103 ciclului anului bisericesc, pot ap\u0103rea \u0219i schimb\u0103ri&hellip; <a class=\"continue\" href=\"https:\/\/ort.fi\/turku\/2026\/06\/09\/informatii-despre-implementarea-practica-a-reformei-lingvistice-a-liturghiilor-de-duminica-in-parohia-ortodoxa-din-turku-in\/\">Continue Reading<span> Informa\u021bii\u00a0despre\u00a0implementarea\u00a0practic\u0103\u00a0a\u00a0reformei\u00a0lingvistice\u00a0a\u00a0liturghiilor\u00a0de\u00a0duminic\u0103,\u00a0\u00een\u00a0Parohia\u00a0Ortodox\u0103\u00a0din Turku,\u00a0\u00eencep\u00e2nd\u00a0la 1\u00a0septembrie\u00a02026\u00a0<\/span><\/a><\/div><\/li>\n<li><div class=\"wp-block-latest-posts__featured-image alignleft\"><img loading=\"lazy\" decoding=\"async\" width=\"225\" height=\"300\" src=\"https:\/\/ort.fi\/turku\/wp-content\/uploads\/2025\/11\/IMG_3212-225x300.jpg\" class=\"attachment-medium size-medium wp-post-image\" alt=\"Img 3212\" style=\"\" srcset=\"https:\/\/ort.fi\/turku\/wp-content\/uploads\/2025\/11\/IMG_3212-225x300.jpg 225w, https:\/\/ort.fi\/turku\/wp-content\/uploads\/2025\/11\/IMG_3212-768x1024.jpg 768w, https:\/\/ort.fi\/turku\/wp-content\/uploads\/2025\/11\/IMG_3212-1152x1536.jpg 1152w, https:\/\/ort.fi\/turku\/wp-content\/uploads\/2025\/11\/IMG_3212-1536x2048.jpg 1536w, https:\/\/ort.fi\/turku\/wp-content\/uploads\/2025\/11\/IMG_3212-scaled.jpg 1920w\" sizes=\"auto, (max-width: 225px) 100vw, 225px\" \/><\/div><a class=\"wp-block-latest-posts__post-title\" href=\"https:\/\/ort.fi\/turku\/2026\/04\/08\/comunicat-de-presa\/\">Comunicat de pres\u0103<\/a><time datetime=\"2026-04-08T16:11:03+03:00\" class=\"wp-block-latest-posts__post-date\">8.4.2026<\/time><div class=\"wp-block-latest-posts__post-excerpt\">Dragi surori \u0219i fra\u021bi, Hristos a \u00eenviat! \u00cen timpul preg\u0103tirii Postului Mare, mul\u021bi dintre noi am sim\u021bit \u00eengrijorare \u0219i incertitudine cu privire la ceea ce s-a \u00eent\u00e2mplat \u00een comunitatea rom\u00e2neasc\u0103 \u00een ultimul timp. Este de \u00een\u021beles c\u0103 situa\u021biile \u0219i deciziile pot ridica \u00eentreb\u0103ri. Dorim s\u0103 subliniem faptul c\u0103 \u00eentreaga parohie \u2013 to\u021bi membrii ei \u0219i&hellip; <a class=\"continue\" href=\"https:\/\/ort.fi\/turku\/2026\/04\/08\/comunicat-de-presa\/\">Continue Reading<span> Comunicat de pres\u0103<\/span><\/a><\/div><\/li>\n<li><div class=\"wp-block-latest-posts__featured-image alignleft\"><img loading=\"lazy\" decoding=\"async\" width=\"300\" height=\"202\" src=\"https:\/\/ort.fi\/turku\/wp-content\/uploads\/2026\/04\/1000051820-300x202.jpg\" class=\"attachment-medium size-medium wp-post-image\" alt=\"1000051820\" style=\"\" srcset=\"https:\/\/ort.fi\/turku\/wp-content\/uploads\/2026\/04\/1000051820-300x202.jpg 300w, https:\/\/ort.fi\/turku\/wp-content\/uploads\/2026\/04\/1000051820-1024x690.jpg 1024w, https:\/\/ort.fi\/turku\/wp-content\/uploads\/2026\/04\/1000051820-768x517.jpg 768w, https:\/\/ort.fi\/turku\/wp-content\/uploads\/2026\/04\/1000051820-1536x1034.jpg 1536w, https:\/\/ort.fi\/turku\/wp-content\/uploads\/2026\/04\/1000051820.jpg 2027w\" sizes=\"auto, (max-width: 300px) 100vw, 300px\" \/><\/div><a class=\"wp-block-latest-posts__post-title\" href=\"https:\/\/ort.fi\/turku\/2026\/04\/03\/live-youtube-lahetys-suuren-perjantain-ehtoopalvelus-klo-14\/\">Live Youtube-l\u00e4hetys;  Suuren perjantain ehtoopalvelus klo 14<\/a><time datetime=\"2026-04-03T13:08:52+03:00\" class=\"wp-block-latest-posts__post-date\">3.4.2026<\/time><div class=\"wp-block-latest-posts__post-excerpt\"><\/div><\/li>\n<li><div class=\"wp-block-latest-posts__featured-image alignleft\"><img loading=\"lazy\" decoding=\"async\" width=\"300\" height=\"202\" src=\"https:\/\/ort.fi\/turku\/wp-content\/uploads\/2026\/04\/1000051819-300x202.jpg\" class=\"attachment-medium size-medium wp-post-image\" alt=\"1000051819\" style=\"\" srcset=\"https:\/\/ort.fi\/turku\/wp-content\/uploads\/2026\/04\/1000051819-300x202.jpg 300w, https:\/\/ort.fi\/turku\/wp-content\/uploads\/2026\/04\/1000051819-1024x688.jpg 1024w, https:\/\/ort.fi\/turku\/wp-content\/uploads\/2026\/04\/1000051819-768x516.jpg 768w, https:\/\/ort.fi\/turku\/wp-content\/uploads\/2026\/04\/1000051819-1536x1033.jpg 1536w, https:\/\/ort.fi\/turku\/wp-content\/uploads\/2026\/04\/1000051819-2048x1377.jpg 2048w\" sizes=\"auto, (max-width: 300px) 100vw, 300px\" \/><\/div><a class=\"wp-block-latest-posts__post-title\" href=\"https:\/\/ort.fi\/turku\/2026\/04\/03\/live-kristuksen-hautauspalvelus-klo-17\/\">Live Youtube-l\u00e4hetys; Kristuksen hautauspalvelus, klo 17<\/a><time datetime=\"2026-04-03T12:44:53+03:00\" class=\"wp-block-latest-posts__post-date\">3.4.2026<\/time><div class=\"wp-block-latest-posts__post-excerpt\"><\/div><\/li>\n<\/ul>\n\n\n<p class=\"wp-block-paragraph\"><\/p>\n","protected":false},"excerpt":{"rendered":"<p>\u0218tiri<\/p>\n","protected":false},"author":13,"featured_media":0,"parent":0,"menu_order":0,"comment_status":"closed","ping_status":"closed","template":"","meta":{"slim_seo":{"title":"\u0218tiri \u0219i social media - Turun ortodoksinen seurakunta","description":"\u0218tiri"},"footnotes":""},"class_list":["post-3391","page","type-page","status-publish"],"_links":{"self":[{"href":"https:\/\/ort.fi\/turku\/wp-json\/wp\/v2\/pages\/3391","targetHints":{"allow":["GET"]}}],"collection":[{"href":"https:\/\/ort.fi\/turku\/wp-json\/wp\/v2\/pages"}],"about":[{"href":"https:\/\/ort.fi\/turku\/wp-json\/wp\/v2\/types\/page"}],"author":[{"embeddable":true,"href":"https:\/\/ort.fi\/turku\/wp-json\/wp\/v2\/users\/13"}],"replies":[{"embeddable":true,"href":"https:\/\/ort.fi\/turku\/wp-json\/wp\/v2\/comments?post=3391"}],"version-history":[{"count":0,"href":"https:\/\/ort.fi\/turku\/wp-json\/wp\/v2\/pages\/3391\/revisions"}],"wp:attachment":[{"href":"https:\/\/ort.fi\/turku\/wp-json\/wp\/v2\/media?parent=3391"}],"curies":[{"name":"wp","href":"https:\/\/api.w.org\/{rel}","templated":true}]}}