{"id":382,"date":"2016-03-23T10:46:31","date_gmt":"2016-03-23T10:46:31","guid":{"rendered":"http:\/\/kehitys.ort.fi\/seminaari\/?page_id=382"},"modified":"2026-08-26T12:08:14","modified_gmt":"2026-08-26T09:08:14","slug":"jumalanpalvelukset","status":"publish","type":"page","link":"https:\/\/ort.fi\/seminaari\/index.php\/kirkko\/jumalanpalvelukset\/","title":{"rendered":"Jumalanpalvelukset"},"content":{"rendered":"<p>&nbsp;<\/p>\n<div id='gallery-1' class='gallery galleryid-382 gallery-columns-3 gallery-size-thumbnail'><figure class='gallery-item'>\n\t\t\t<div class='gallery-icon portrait'>\n\t\t\t\t<a href='https:\/\/ort.fi\/seminaari\/wp-content\/uploads\/2016\/04\/jumalanpalvelus3.jpg'><img loading=\"lazy\" decoding=\"async\" width=\"300\" height=\"300\" src=\"https:\/\/ort.fi\/seminaari\/wp-content\/uploads\/2016\/04\/jumalanpalvelus3-300x300.jpg\" class=\"attachment-thumbnail size-thumbnail\" alt=\"\" aria-describedby=\"gallery-1-582\" \/><\/a>\n\t\t\t<\/div>\n\t\t\t\t<figcaption class='wp-caption-text gallery-caption' id='gallery-1-582'>\n\t\t\t\tJumalanpalvelus\n\t\t\t\t<\/figcaption><\/figure><figure class='gallery-item'>\n\t\t\t<div class='gallery-icon landscape'>\n\t\t\t\t<a href='https:\/\/ort.fi\/seminaari\/wp-content\/uploads\/2016\/05\/jumalanpalvelus.jpg'><img loading=\"lazy\" decoding=\"async\" width=\"300\" height=\"300\" src=\"https:\/\/ort.fi\/seminaari\/wp-content\/uploads\/2016\/05\/jumalanpalvelus-300x300.jpg\" class=\"attachment-thumbnail size-thumbnail\" alt=\"\" aria-describedby=\"gallery-1-727\" \/><\/a>\n\t\t\t<\/div>\n\t\t\t\t<figcaption class='wp-caption-text gallery-caption' id='gallery-1-727'>\n\t\t\t\tJumalanpalvelus\n\t\t\t\t<\/figcaption><\/figure><figure class='gallery-item'>\n\t\t\t<div class='gallery-icon portrait'>\n\t\t\t\t<a href='https:\/\/ort.fi\/seminaari\/wp-content\/uploads\/2016\/05\/jumalanpalvelus2.jpg'><img loading=\"lazy\" decoding=\"async\" width=\"300\" height=\"300\" src=\"https:\/\/ort.fi\/seminaari\/wp-content\/uploads\/2016\/05\/jumalanpalvelus2-300x300.jpg\" class=\"attachment-thumbnail size-thumbnail\" alt=\"\" aria-describedby=\"gallery-1-701\" \/><\/a>\n\t\t\t<\/div>\n\t\t\t\t<figcaption class='wp-caption-text gallery-caption' id='gallery-1-701'>\n\t\t\t\tKaste\n\t\t\t\t<\/figcaption><\/figure>\n\t\t<\/div>\n\n<h1><span style=\"color: #993300;\">Ortodoksisen seminaarin lukuvuosi 2026\u201327<\/span><\/h1>\n<p>Ortodoksisen seminaarin uuden lukuvuoden alku l\u00e4hestyy. Seminaarin jumalanpalvelukset jatkuvat ti 8.9.2026, klo 9.00 alkavalla liturgialla. P\u00e4ivitt\u00e4iset jumalanpalvelukset alkavat aamupalveluksella ke 9.9.2026, klo 7.15 ja jatkuvat siit\u00e4 normaalin viikkoj\u00e4rjestyksen mukaan. Poikkeuksista, erityisist\u00e4 palveluksista ja juhlista kerrotaan entiseen tapaan s\u00e4\u00e4nn\u00f6llisten palvelusten alla. Lukukauden alkajaisjuhlaa viet\u00e4mme ma 14.9. liturgian yhteydess\u00e4, jolloin palvelukset toimittaa korkeasti pyhitetty arkkipiispa Elia.<\/p>\n<p>Palvelukset ovat edelleen avoimia kaikille. L\u00e4mpim\u00e4sti tervetuloa!<\/p>\n<h2><span style=\"color: #993300;\"><strong>S\u00e4\u00e4nn\u00f6lliset jumalanpalvelukset lukukauden aikana<\/strong><\/span><\/h2>\n<p>ma-pe \u00a0klo 7.15 aamupalvelus (keskiviikkoisin liturgia ellei toisin mainita)<br \/>\nma-to \u00a0klo 17.00 ehtoopalvelus<\/p>\n<h2><span style=\"color: #993300;\"><strong>Lukukauden erityisi\u00e4 jumalanpalveluksia<\/strong><\/span><\/h2>\n<p>ti 8.9. klo 9.00 liturgia. Lukuvuoden aloitus. Jumalan \u00c4idin syntym\u00e4<br \/>\nke 9.9. klo 7.15 aamupalvelus<br \/>\nma 14.9. klo 9.00 liturgia, kunniallisen ja el\u00e4v\u00e4ksi tekev\u00e4n ristin l\u00f6yt\u00e4minen ja ylent\u00e4minen. Palveluksen toimittaa KP arkkipiispa Elia<br \/>\nto 24.9. klo 17.00 vigilia, Johannes Teologin juhla, temppelijuhla<br \/>\npe 25.9. klo 9.00 pieni vedenpyhitys ja liturgia, Johannes Teologin juhla, temppelijuhla<br \/>\nto 1.10. klo 8.00 liturgia, Herran \u00c4idin suojelus (Pokrova)<\/p>\n<p>&nbsp;<\/p>\n","protected":false},"excerpt":{"rendered":"<p>&nbsp; Ortodoksisen seminaarin lukuvuosi 2026\u201327 Ortodoksisen seminaarin uuden lukuvuoden alku l\u00e4hestyy. Seminaarin jumalanpalvelukset jatkuvat ti 8.9.2026, klo 9.00 alkavalla liturgialla. P\u00e4ivitt\u00e4iset jumalanpalvelukset alkavat aamupalveluksella ke 9.9.2026, klo 7.15 ja jatkuvat siit\u00e4 normaalin viikkoj\u00e4rjestyksen mukaan. Poikkeuksista, erityisist\u00e4 palveluksista ja juhlista kerrotaan entiseen tapaan s\u00e4\u00e4nn\u00f6llisten palvelusten alla. Lukukauden alkajaisjuhlaa viet\u00e4mme ma 14.9. liturgian yhteydess\u00e4, jolloin palvelukset toimittaa [&hellip;]<\/p>\n","protected":false},"author":1,"featured_media":0,"parent":51,"menu_order":0,"comment_status":"closed","ping_status":"closed","template":"","meta":{"inline_featured_image":false,"footnotes":""},"class_list":["post-382","page","type-page","status-publish","hentry"],"jetpack_shortlink":"https:\/\/wp.me\/P7k47p-6a","jetpack_sharing_enabled":true,"_links":{"self":[{"href":"https:\/\/ort.fi\/seminaari\/index.php\/wp-json\/wp\/v2\/pages\/382","targetHints":{"allow":["GET"]}}],"collection":[{"href":"https:\/\/ort.fi\/seminaari\/index.php\/wp-json\/wp\/v2\/pages"}],"about":[{"href":"https:\/\/ort.fi\/seminaari\/index.php\/wp-json\/wp\/v2\/types\/page"}],"author":[{"embeddable":true,"href":"https:\/\/ort.fi\/seminaari\/index.php\/wp-json\/wp\/v2\/users\/1"}],"replies":[{"embeddable":true,"href":"https:\/\/ort.fi\/seminaari\/index.php\/wp-json\/wp\/v2\/comments?post=382"}],"version-history":[{"count":270,"href":"https:\/\/ort.fi\/seminaari\/index.php\/wp-json\/wp\/v2\/pages\/382\/revisions"}],"predecessor-version":[{"id":5705,"href":"https:\/\/ort.fi\/seminaari\/index.php\/wp-json\/wp\/v2\/pages\/382\/revisions\/5705"}],"up":[{"embeddable":true,"href":"https:\/\/ort.fi\/seminaari\/index.php\/wp-json\/wp\/v2\/pages\/51"}],"wp:attachment":[{"href":"https:\/\/ort.fi\/seminaari\/index.php\/wp-json\/wp\/v2\/media?parent=382"}],"curies":[{"name":"wp","href":"https:\/\/api.w.org\/{rel}","templated":true}]}}