{"id":30,"date":"2018-11-04T11:23:12","date_gmt":"2018-11-04T09:23:12","guid":{"rendered":"https:\/\/ort.fi\/ilomantsi\/?page_id=30"},"modified":"2024-12-08T15:29:01","modified_gmt":"2024-12-08T13:29:01","slug":"etusivu","status":"publish","type":"page","link":"https:\/\/ort.fi\/ilomantsi\/","title":{"rendered":"Etusivu"},"content":{"rendered":"\n<h2 class=\"wp-block-heading\">Kalenteri<\/h2>\n\n\n\n<p><span style=\"color: #1b887a;\">Jumalanpalvelus<\/span> \/ <span style=\"color: #7a367a;\">Tapahtuma<\/span><\/p>\n<p><iframe loading=\"lazy\" style=\"border-width: 0;\" src=\"https:\/\/calendar.google.com\/calendar\/embed?showTitle=0&amp;showNav=0&amp;showDate=0&amp;showPrint=0&amp;showTabs=0&amp;showCalendars=0&amp;showTz=0&amp;mode=AGENDA&amp;height=290&amp;wkst=1&amp;hl=fi&amp;bgcolor=%23FFFFFF&amp;src=ilomantsin.ort.seurakunta%40gmail.com&amp;color=%231B887A&amp;src=egneolr8gffuu3d335ea3anl84%40group.calendar.google.com&amp;color=%237A367A&amp;ctz=Europe%2FHelsinki\" scrolling=\"no\" width=\"700\" height=\"290\" frameborder=\"0\"><\/iframe><br>&nbsp;<\/p>\n\n\n\n<h2 class=\"wp-block-heading has-text-align-center\"><em><strong>Ilomantsin pyh\u00e4n Elian seurakunta tuo pyhyytt\u00e4 arkeesi!<\/strong><\/em> <\/h2>\n\n\n<div class=\"wp-block-image is-style-default\">\n<figure class=\"aligncenter size-large is-resized\"><img loading=\"lazy\" decoding=\"async\" width=\"1024\" height=\"498\" src=\"https:\/\/ort.fi\/ilomantsi\/wp-content\/uploads\/2019\/08\/20190526_142920-1024x498.jpg\" alt=\"\" class=\"wp-image-5395\" style=\"width:527px;height:256px\" srcset=\"https:\/\/ort.fi\/ilomantsi\/wp-content\/uploads\/2019\/08\/20190526_142920-1024x498.jpg 1024w, https:\/\/ort.fi\/ilomantsi\/wp-content\/uploads\/2019\/08\/20190526_142920-300x146.jpg 300w, https:\/\/ort.fi\/ilomantsi\/wp-content\/uploads\/2019\/08\/20190526_142920-768x374.jpg 768w\" sizes=\"auto, (max-width: 1024px) 100vw, 1024px\" \/><\/figure>\n<\/div>\n\n\n<p class=\"wp-block-paragraph\"><\/p>\n\n\n\n<p class=\"has-medium-font-size wp-block-paragraph\">Seurakuntamme on aktiivinen jumalanpalvelusyhteis\u00f6. Ydintoimintaamme ovat jumalanpalvelukset ja niiden ymp\u00e4rille rakentuva my\u00f6nteinen ortodoksinen el\u00e4m\u00e4nn\u00e4kemys. Seurakuntamme aktiivinen toiminta perustuu pitk\u00e4lti j\u00e4sentemme vapaaehtoisuuteen.<br><br>Toimimme my\u00f6s ekumeenisesti ja kaikkia tunnustuksia kunnioittaen. Kristillisyydest\u00e4 nousevat luontoarvot siivitt\u00e4v\u00e4t n\u00e4kemyst\u00e4mme luomakunnan pyhyydest\u00e4 ja sen varjelemisesta.<br><br>Oletko k\u00e4vij\u00e4, kokija vai ortodoksisuudesta muuten kiinnostunut? Koemme kaikki kirkossa k\u00e4vij\u00e4t samanarvoisiksi, riippumatta kenenk\u00e4\u00e4n taustasta!<\/p>\n\n\n\n<p class=\"has-text-align-center has-medium-font-size wp-block-paragraph\">Tervetuloa mukaan Elian seurakunnan toimintaan<\/p>\n\n\n\n<hr class=\"wp-block-separator has-css-opacity\"\/>\n\n\n\n<hr class=\"wp-block-separator has-css-opacity\"\/>\n\n\n\n<h2 class=\"wp-block-heading\">Seurakunnan Facebook<\/h2>\n\n\n        <style type=\"text\/css\">\n                .fts-facebook-add-more-posts-notice {\n            display: none !important;\n        }\n        \n        <\/style><div class=\"fts-jal-fb-header\"><\/div><div class=\"fts-jal-fb-group-display fts-simple-fb-wrapper feed_dynamic_classrtbvomndfz_page\"><div class='fts-fb-photo-post-wrap fts-jal-single-fb-post' ><div  class=\"fts-jal-fb-right-wrap\"><div class=\"fts-jal-fb-top-wrap \"><div class=\"fts-jal-fb-user-thumb\"><a href=\"https:\/\/www.facebook.com\/180823495353916\" target=\"_blank\" rel=\"noreferrer\"><img decoding=\"async\" border=\"0\" alt=\"Ilomantsin ortodoksinen kappeliseurakunta\" src=\"https:\/\/scontent-hel3-1.xx.fbcdn.net\/v\/t39.30808-1\/307133508_395021282832719_6123575509977562255_n.jpg?stp=cp0_dst-jpg_s50x50_tt6&amp;_nc_cat=103&amp;ccb=1-7&amp;_nc_sid=f907e8&amp;_nc_ohc=ju0lJV1BmdgQ7kNvwEhb0ye&amp;_nc_oc=AdpZ8I7AnVuuuWZiAXx_srLd3iWU2jmwcJAj67XhzkgFgNhPS2o-n9Sottueru-P-O0o00GHiGY-tOdkd3V8KuEk&amp;_nc_zt=24&amp;_nc_ht=scontent-hel3-1.xx&amp;edm=AJdBtusEAAAA&amp;_nc_gid=-8IWiJDH6BcbvXpN2II-aw&amp;_nc_tpa=Q5bMBQLMZI-FXqHLcZu8zvk94DvEILkDoqerDxIqRzMuCXOJPYUiHXjjNDK318tZ54o4H5XfUOozEUDR2w&amp;oh=00_AQJTYh8ERBP5qaLpxzWBGr999yDQ5hXXugShdAt4Fc0qrg&amp;oe=6A9F5E45\"\/><\/a><\/div><span class=\"fts-jal-fb-user-name\"><a href=\"https:\/\/www.facebook.com\/180823495353916\" target=\"_blank\" rel=\"noreferrer\">Ilomantsin ortodoksinen kappeliseurakunta<\/a><\/span><span class=\"fts-jal-fb-post-time\">2 p\u00e4iv\u00e4\u00e4 sitten<\/span><div class=\"fts-clear\"><\/div><div class=\"fts-jal-fb-message\">Hyv\u00e4\u00e4 uutta kirkkovuotta! My\u00f6s Ilomantsissa ollaan uuden \u00e4\u00e4\u00e4rell\u00e4, kun uusi kanttorimme Lasarus Blomster aloitti ty\u00f6t t\u00e4n\u00e4\u00e4n. Ty\u00f6t alkoivat perehtymisell\u00e4, jumalanpalveluksella ja luonnollisesti kuoroharjoituksilla. Tervetuloa t\u00f6ihin Lasarus, ja monia armorikkaita vuosia ja iloa ty\u00f6h\u00f6n Pogostalla!\u2626\ufe0f\u2764<div class=\"fts-clear\"><\/div><\/div><\/div><div class=\"fts-jal-fb-link-wrap fts-album-photos-wrap\"><a href=\"https:\/\/www.facebook.com\/photo.php?fbid=1391165876551583&#038;set=a.395021262832721&#038;type=3\" target=\"_blank\" rel=\"noreferrer\" class=\"fts-jal-fb-picture\"><img decoding=\"async\" border=\"0\" alt=\"Ilomantsin ortodoksinen kappeliseurakunta\" src=\"https:\/\/scontent-hel3-1.xx.fbcdn.net\/v\/t39.30808-6\/789085278_1391165879884916_6079157941882185741_n.jpg?stp=dst-jpg_p720x720_tt6&#038;_nc_cat=105&#038;ccb=1-7&#038;_nc_sid=127cfc&#038;_nc_ohc=_OLQvzleFQkQ7kNvwHmYJaW&#038;_nc_oc=Adp1wX66WDe8TBgXvg4_BuXsm1xilCrU9l6gB7Cl182CxigW5XjSQJKma12l7xO-26jl6AwEiM6VmHKInKmFKNG0&#038;_nc_zt=23&#038;_nc_ht=scontent-hel3-1.xx&#038;edm=AKIiGfEEAAAA&#038;_nc_gid=3Cqaoie41unv4IXAME54MQ&#038;_nc_tpa=Q5bMBQIxkUlUorweSNIcrSGZ_fMzeml_kig7pg6xJLyFBpSr_fGfk1ejnMemM2R9XmujybLOUG7Qe4SKuQ&#038;oh=00_AQIkUnw_WKfr5FZRT84X7FqXxiKnFG6vfNp-t15Yod5dmg&#038;oe=6A9F6771\"\/><\/a><div class=\"slicker-facebook-album-photoshadow\"><\/div><div class=\"fts-jal-fb-description-wrap fts-photo-caption-text\"><div class=\"fts-clear\"><\/div><\/div><div class=\"fts-clear\"><\/div><\/div><div class=\"fts-clear\"><\/div><\/div><div class=\"fts-likes-shares-etc-wrap\"><div class=\"fts-fb-likes-shares-etc-content\"><a href=\"https:\/\/www.facebook.com\/photo.php?fbid=1391165876551583&#038;set=a.395021262832721&#038;type=3\" target=\"_blank\" rel=\"noreferrer\" class=\"fts-jal-fb-see-more\"><span class=\"fts-count-wrap fts-likes-wrap\"><i class=\"icon-thumbs-up\"><\/i>176<\/span><span class=\"fts-count-wrap fts-comments-wrap\"><i class=\"icon-comments\"><\/i>6<\/span><span class=\"fts-count-wrap fts-shares-wrap\"><span class=\"fts-count-wrap fts-shares-wrap\"><i class=\"icon-file\"><\/i>2<\/span><\/span><\/a><div class=\"fts-shares-view-on-fb-wrap\"><a href=\"https:\/\/www.facebook.com\/photo.php?fbid=1391165876551583&#038;set=a.395021262832721&#038;type=3\" target=\"_blank\" rel=\"noreferrer\" class=\"fts-view-on-facebook-url fts-jal-fb-see-more\"><span class=\"fts-view-on-facebook\">Avaa Facebookissa<\/span><\/a><div class=\"fts-share-wrap\"><a href=\"javascript:;\" class=\"ft-gallery-link-popup\" title=\"Social Share Options\"><\/a><div class=\"ft-gallery-share-wrap\"><a href=\"https:\/\/www.facebook.com\/sharer\/sharer.php?u=https:\/\/www.facebook.com\/photo.php?fbid=1391165876551583&amp;set=a.395021262832721&amp;type=3\" target=\"_blank\" rel=\"noreferrer\" class=\"ft-galleryfacebook-icon\" title=\"Share this post on Facebook\"><i class=\"fa fa-facebook-square\"><\/i><\/a><a href=\"https:\/\/twitter.com\/intent\/tweet?text=https:\/\/www.facebook.com\/photo.php?fbid=1391165876551583&amp;set=a.395021262832721&amp;type=3+1\" target=\"_blank\" rel=\"noreferrer\" class=\"ft-gallerytwitter-icon\" title=\"Share this post on Twitter\"><i class=\"fa fa-twitter\"><\/i><\/a><a href=\"https:\/\/www.linkedin.com\/shareArticle?mini=true&amp;url=https:\/\/www.facebook.com\/photo.php?fbid=1391165876551583&amp;set=a.395021262832721&amp;type=3\" target=\"_blank\" rel=\"noreferrer\" class=\"ft-gallerylinkedin-icon\" title=\"Share this post on Linkedin\"><i class=\"fa fa-linkedin\"><\/i><\/a><a href=\"mailto:?subject=Shared Link&amp;body=https:\/\/www.facebook.com\/photo.php?fbid=1391165876551583&amp;set=a.395021262832721&amp;type=3 - 1\" target=\"_blank\" rel=\"noreferrer\" class=\"ft-galleryemail-icon\" title=\"Share this post in your email\"><i class=\"fa fa-envelope\"><\/i><\/a><\/div><\/div><\/div><\/div><\/div><div class=\"fts-clear\"><\/div><\/div><div class='fts-fb-photo-post-wrap fts-jal-single-fb-post' ><div  class=\"fts-jal-fb-right-wrap\"><div class=\"fts-jal-fb-top-wrap \"><div class=\"fts-jal-fb-user-thumb\"><a href=\"https:\/\/www.facebook.com\/180823495353916\" target=\"_blank\" rel=\"noreferrer\"><img decoding=\"async\" border=\"0\" alt=\"Ilomantsin ortodoksinen kappeliseurakunta\" src=\"https:\/\/scontent-hel3-1.xx.fbcdn.net\/v\/t39.30808-1\/307133508_395021282832719_6123575509977562255_n.jpg?stp=cp0_dst-jpg_s50x50_tt6&amp;_nc_cat=103&amp;ccb=1-7&amp;_nc_sid=f907e8&amp;_nc_ohc=ju0lJV1BmdgQ7kNvwEhb0ye&amp;_nc_oc=AdpZ8I7AnVuuuWZiAXx_srLd3iWU2jmwcJAj67XhzkgFgNhPS2o-n9Sottueru-P-O0o00GHiGY-tOdkd3V8KuEk&amp;_nc_zt=24&amp;_nc_ht=scontent-hel3-1.xx&amp;edm=AJdBtusEAAAA&amp;_nc_gid=-8IWiJDH6BcbvXpN2II-aw&amp;_nc_tpa=Q5bMBQLMZI-FXqHLcZu8zvk94DvEILkDoqerDxIqRzMuCXOJPYUiHXjjNDK318tZ54o4H5XfUOozEUDR2w&amp;oh=00_AQJTYh8ERBP5qaLpxzWBGr999yDQ5hXXugShdAt4Fc0qrg&amp;oe=6A9F5E45\"\/><\/a><\/div><span class=\"fts-jal-fb-user-name\"><a href=\"https:\/\/www.facebook.com\/180823495353916\" target=\"_blank\" rel=\"noreferrer\">Ilomantsin ortodoksinen kappeliseurakunta<\/a><\/span><span class=\"fts-jal-fb-post-time\">4 p\u00e4iv\u00e4\u00e4 sitten<\/span><div class=\"fts-clear\"><\/div><div class=\"fts-jal-fb-message\">Viikko 35 toiminta- ja jumalanpalveluskalenteri <br \/>\n<br \/>\nMa 31.8. klo 9-12 kanslia palvelee, Seurakuntakeskus Elia<br \/>\nKe 2.9. klo 11 Ty\u00f6tt\u00f6mien ja v\u00e4h\u00e4varaisten ruokailu, Ilomantsin ev. lut seurakuntatalo, Koivukuja 1<br \/>\nKe 2.9. klo 17 ehtoopalvelus, Elian kirkko<br \/>\nLa 5.9. klo 17 ehtoopalvelus, Elian kirkko<br \/>\nSu 6.9. klo 9 aamupalvelus ja liturgia, Elian kirkko<br \/>\nSu 6.9. klo 15 Filantropian paikallispiiri, M\u00f6hk\u00f6ss\u00e4. Huom! Ilomantsin piiri tekee retken M\u00f6hk\u00f6\u00f6n.<br \/>\n<br \/>\nKuva: Hyv\u00e4\u00e4 uutta kirkkovuotta kaikille! 1.9., syksyn alkaessa Ortodoksinen kirkko aloittaa uuden kirkkovuoden. T\u00e4n\u00e4 p\u00e4iv\u00e4n\u00e4 vietet\u00e4\u00e4n my\u00f6s luomakunnan ja luonnon suojelun p\u00e4iv\u00e4\u00e4. T\u00e4ll\u00f6in kirkko kutsuu koko kristillist\u00e4 maailmaa<br \/>\nkantamaa rukouksia ja anomuksia kaiken Luojalle, kiitt\u00e4m\u00e4\u00e4n luomakunnan suuresta lahjasta ja anomaan, ett\u00e4 se varjeltuisi ja pelastuisi kaikesta pahasta\".<br \/>\n<br \/>\n\"Oi kaikkien luotujen Luoja, \/ Sinun vallassasi ovat aikakaudet ja aika. \/ Siunaa, oi Herra, hyvyydell\u00e4si t\u00e4m\u00e4nkin vuoden kierto, \/ varjele rauhassa maatamme ja kansaamme \/ japelasta meid\u00e4t Jumalansynnytt\u00e4j\u00e4n esirukouksien t\u00e4hden.\"<br \/>\nUuden vuoden tropari, 2.s\u00e4v.<br \/>\n<br \/>\nAsiaa seurakuntaan? Kanslia 050 470 6383, is\u00e4 Jaso 0400 470 280. Ilomantsin kanslian ollessa kiinni kanslian puhelimeen soitetut puhelut ohjautuvat suoraan Joensuun seurakunnan kansliaan.<div class=\"fts-clear\"><\/div><\/div><\/div><div class=\"fts-jal-fb-link-wrap fts-album-photos-wrap\"><a href=\"https:\/\/www.facebook.com\/photo.php?fbid=1390035016664669&#038;set=a.395021262832721&#038;type=3\" target=\"_blank\" rel=\"noreferrer\" class=\"fts-jal-fb-picture\"><img decoding=\"async\" border=\"0\" alt=\"Ilomantsin ortodoksinen kappeliseurakunta\" src=\"https:\/\/scontent-hel3-1.xx.fbcdn.net\/v\/t39.30808-6\/785313006_1386799566988214_2522119725160458541_n.jpg?stp=dst-jpg_s1080x2048_tt6&#038;_nc_cat=104&#038;ccb=1-7&#038;_nc_sid=127cfc&#038;_nc_ohc=cf22sT7z77wQ7kNvwEfXakZ&#038;_nc_oc=AdprzZSvK7V_N-OROAqTAvvpCuK46p1_T71uNg4voqDVvKTLweA1QKRKBnh7uBnZkX8QyOIQnnycQo2nVv9zokLR&#038;_nc_zt=23&#038;_nc_ht=scontent-hel3-1.xx&#038;edm=AKIiGfEEAAAA&#038;_nc_gid=3Cqaoie41unv4IXAME54MQ&#038;_nc_tpa=Q5bMBQLoqx2C36v0noNU0GsVky7l_FWnwPrYz7m_SwmrfRmI_qefQMvN0H7wlbCZQOVelaWRaCAey8OG-w&#038;oh=00_AQIKxUkfxXv_UR2_H3BoC6lS8pE2o_7njrBgZ35fdeFdZw&#038;oe=6A9F8D2C\"\/><\/a><div class=\"slicker-facebook-album-photoshadow\"><\/div><div class=\"fts-jal-fb-description-wrap fts-photo-caption-text\"><div class=\"fts-clear\"><\/div><\/div><div class=\"fts-clear\"><\/div><\/div><div class=\"fts-clear\"><\/div><\/div><div class=\"fts-likes-shares-etc-wrap\"><div class=\"fts-fb-likes-shares-etc-content\"><a href=\"https:\/\/www.facebook.com\/photo.php?fbid=1390035016664669&#038;set=a.395021262832721&#038;type=3\" target=\"_blank\" rel=\"noreferrer\" class=\"fts-jal-fb-see-more\"><span class=\"fts-count-wrap fts-likes-wrap\"><i class=\"icon-thumbs-up\"><\/i>9<\/span><span class=\"fts-count-wrap fts-comments-wrap\"><\/span><span class=\"fts-count-wrap fts-shares-wrap\"><span class=\"fts-count-wrap fts-shares-wrap\"><i class=\"icon-file\"><\/i>2<\/span><\/span><\/a><div class=\"fts-shares-view-on-fb-wrap\"><a href=\"https:\/\/www.facebook.com\/photo.php?fbid=1390035016664669&#038;set=a.395021262832721&#038;type=3\" target=\"_blank\" rel=\"noreferrer\" class=\"fts-view-on-facebook-url fts-jal-fb-see-more\"><span class=\"fts-view-on-facebook\">Avaa Facebookissa<\/span><\/a><div class=\"fts-share-wrap\"><a href=\"javascript:;\" class=\"ft-gallery-link-popup\" title=\"Social Share Options\"><\/a><div class=\"ft-gallery-share-wrap\"><a href=\"https:\/\/www.facebook.com\/sharer\/sharer.php?u=https:\/\/www.facebook.com\/photo.php?fbid=1390035016664669&amp;set=a.395021262832721&amp;type=3\" target=\"_blank\" rel=\"noreferrer\" class=\"ft-galleryfacebook-icon\" title=\"Share this post on Facebook\"><i class=\"fa fa-facebook-square\"><\/i><\/a><a href=\"https:\/\/twitter.com\/intent\/tweet?text=https:\/\/www.facebook.com\/photo.php?fbid=1390035016664669&amp;set=a.395021262832721&amp;type=3+1\" target=\"_blank\" rel=\"noreferrer\" class=\"ft-gallerytwitter-icon\" title=\"Share this post on Twitter\"><i class=\"fa fa-twitter\"><\/i><\/a><a href=\"https:\/\/www.linkedin.com\/shareArticle?mini=true&amp;url=https:\/\/www.facebook.com\/photo.php?fbid=1390035016664669&amp;set=a.395021262832721&amp;type=3\" target=\"_blank\" rel=\"noreferrer\" class=\"ft-gallerylinkedin-icon\" title=\"Share this post on Linkedin\"><i class=\"fa fa-linkedin\"><\/i><\/a><a href=\"mailto:?subject=Shared Link&amp;body=https:\/\/www.facebook.com\/photo.php?fbid=1390035016664669&amp;set=a.395021262832721&amp;type=3 - 1\" target=\"_blank\" rel=\"noreferrer\" class=\"ft-galleryemail-icon\" title=\"Share this post in your email\"><i class=\"fa fa-envelope\"><\/i><\/a><\/div><\/div><\/div><\/div><\/div><div class=\"fts-clear\"><\/div><\/div><div class='fts-fb-photo-post-wrap fts-jal-single-fb-post' ><div  class=\"fts-jal-fb-right-wrap\"><div class=\"fts-jal-fb-top-wrap \"><div class=\"fts-jal-fb-user-thumb\"><a href=\"https:\/\/www.facebook.com\/180823495353916\" target=\"_blank\" rel=\"noreferrer\"><img decoding=\"async\" border=\"0\" alt=\"Ilomantsin ortodoksinen kappeliseurakunta\" src=\"https:\/\/scontent-hel3-1.xx.fbcdn.net\/v\/t39.30808-1\/307133508_395021282832719_6123575509977562255_n.jpg?stp=cp0_dst-jpg_s50x50_tt6&amp;_nc_cat=103&amp;ccb=1-7&amp;_nc_sid=f907e8&amp;_nc_ohc=ju0lJV1BmdgQ7kNvwEhb0ye&amp;_nc_oc=AdpZ8I7AnVuuuWZiAXx_srLd3iWU2jmwcJAj67XhzkgFgNhPS2o-n9Sottueru-P-O0o00GHiGY-tOdkd3V8KuEk&amp;_nc_zt=24&amp;_nc_ht=scontent-hel3-1.xx&amp;edm=AJdBtusEAAAA&amp;_nc_gid=-8IWiJDH6BcbvXpN2II-aw&amp;_nc_tpa=Q5bMBQLMZI-FXqHLcZu8zvk94DvEILkDoqerDxIqRzMuCXOJPYUiHXjjNDK318tZ54o4H5XfUOozEUDR2w&amp;oh=00_AQJTYh8ERBP5qaLpxzWBGr999yDQ5hXXugShdAt4Fc0qrg&amp;oe=6A9F5E45\"\/><\/a><\/div><span class=\"fts-jal-fb-user-name\"><a href=\"https:\/\/www.facebook.com\/180823495353916\" target=\"_blank\" rel=\"noreferrer\">Ilomantsin ortodoksinen kappeliseurakunta<\/a><\/span><span class=\"fts-jal-fb-post-time\">1 viikko sitten<\/span><div class=\"fts-clear\"><\/div><div class=\"fts-jal-fb-message\">Loppukes\u00e4n terveiset Pogostalta! T\u00e4n\u00e4\u00e4n oli  Elian kirkko t\u00e4ynn\u00e4 koululaisia ekumeenisessa hartaudessa koulun alkaessa. Kuvassa pappi ei lue auton ohjekirjaa, vaan rukoushetken j\u00e4lkeen siunattiin viel\u00e4 hartaasti kulkupelej\u00e4. \ud83d\ude0a Kiitos Pogostan koulu ja Ilomantsin ev.lut. seurakunta j\u00e4lleen hyv\u00e4st\u00e4 yhteisty\u00f6st\u00e4! Ja kaikille koululaisille, opettajille ja kouluilla ty\u00f6skenteleville hyv\u00e4\u00e4 uutta lukukautta!\u2626\ufe0f\u271d\ufe0f\u2764 (Kuva: Anneli Pietarinen)<div class=\"fts-clear\"><\/div><\/div><\/div><div class=\"fts-jal-fb-link-wrap fts-album-photos-wrap\"><a href=\"https:\/\/www.facebook.com\/photo.php?fbid=1386801480321356&#038;set=a.395021262832721&#038;type=3\" target=\"_blank\" rel=\"noreferrer\" class=\"fts-jal-fb-picture\"><img decoding=\"async\" border=\"0\" alt=\"Ilomantsin ortodoksinen kappeliseurakunta\" src=\"https:\/\/scontent-hel3-1.xx.fbcdn.net\/v\/t39.30808-6\/786656876_1386801483654689_1039025108726595179_n.jpg?stp=dst-jpg_s960x960_tt6&#038;_nc_cat=104&#038;ccb=1-7&#038;_nc_sid=127cfc&#038;_nc_ohc=WIYt78f7ZhkQ7kNvwE6Qzaq&#038;_nc_oc=AdrkOFxgwBFErA36UMPhOIejk-C3hblawl6QVZ6nEQQGb0715d-z6u4UVBVNcq8txNabx3ZWAOziUZrLmJX1vzQQ&#038;_nc_zt=23&#038;_nc_ht=scontent-hel3-1.xx&#038;edm=AKIiGfEEAAAA&#038;_nc_gid=3Cqaoie41unv4IXAME54MQ&#038;_nc_tpa=Q5bMBQJ0MJPIJ0wTkMDyfFzmhFBDBJrLra2d2lVBG-yoiFtYasyDqkSl0XgwN9380-d4_zAx8zqzLLorRQ&#038;oh=00_AQLI5JX9iAJVvYlNZ4QKOVJYLoK1_wyM8JJTmNYkKEIidw&#038;oe=6A9F7FBB\"\/><\/a><div class=\"slicker-facebook-album-photoshadow\"><\/div><div class=\"fts-jal-fb-description-wrap fts-photo-caption-text\"><div class=\"fts-clear\"><\/div><\/div><div class=\"fts-clear\"><\/div><\/div><div class=\"fts-clear\"><\/div><\/div><div class=\"fts-likes-shares-etc-wrap\"><div class=\"fts-fb-likes-shares-etc-content\"><a href=\"https:\/\/www.facebook.com\/photo.php?fbid=1386801480321356&#038;set=a.395021262832721&#038;type=3\" target=\"_blank\" rel=\"noreferrer\" class=\"fts-jal-fb-see-more\"><span class=\"fts-count-wrap fts-likes-wrap\"><i class=\"icon-thumbs-up\"><\/i>271<\/span><span class=\"fts-count-wrap fts-comments-wrap\"><i class=\"icon-comments\"><\/i>1<\/span><span class=\"fts-count-wrap fts-shares-wrap\"><span class=\"fts-count-wrap fts-shares-wrap\"><i class=\"icon-file\"><\/i>3<\/span><\/span><\/a><div class=\"fts-shares-view-on-fb-wrap\"><a href=\"https:\/\/www.facebook.com\/photo.php?fbid=1386801480321356&#038;set=a.395021262832721&#038;type=3\" target=\"_blank\" rel=\"noreferrer\" class=\"fts-view-on-facebook-url fts-jal-fb-see-more\"><span class=\"fts-view-on-facebook\">Avaa Facebookissa<\/span><\/a><div class=\"fts-share-wrap\"><a href=\"javascript:;\" class=\"ft-gallery-link-popup\" title=\"Social Share Options\"><\/a><div class=\"ft-gallery-share-wrap\"><a href=\"https:\/\/www.facebook.com\/sharer\/sharer.php?u=https:\/\/www.facebook.com\/photo.php?fbid=1386801480321356&amp;set=a.395021262832721&amp;type=3\" target=\"_blank\" rel=\"noreferrer\" class=\"ft-galleryfacebook-icon\" title=\"Share this post on Facebook\"><i class=\"fa fa-facebook-square\"><\/i><\/a><a href=\"https:\/\/twitter.com\/intent\/tweet?text=https:\/\/www.facebook.com\/photo.php?fbid=1386801480321356&amp;set=a.395021262832721&amp;type=3+1\" target=\"_blank\" rel=\"noreferrer\" class=\"ft-gallerytwitter-icon\" title=\"Share this post on Twitter\"><i class=\"fa fa-twitter\"><\/i><\/a><a href=\"https:\/\/www.linkedin.com\/shareArticle?mini=true&amp;url=https:\/\/www.facebook.com\/photo.php?fbid=1386801480321356&amp;set=a.395021262832721&amp;type=3\" target=\"_blank\" rel=\"noreferrer\" class=\"ft-gallerylinkedin-icon\" title=\"Share this post on Linkedin\"><i class=\"fa fa-linkedin\"><\/i><\/a><a href=\"mailto:?subject=Shared Link&amp;body=https:\/\/www.facebook.com\/photo.php?fbid=1386801480321356&amp;set=a.395021262832721&amp;type=3 - 1\" target=\"_blank\" rel=\"noreferrer\" class=\"ft-galleryemail-icon\" title=\"Share this post in your email\"><i class=\"fa fa-envelope\"><\/i><\/a><\/div><\/div><\/div><\/div><\/div><div class=\"fts-clear\"><\/div><\/div><div class='fts-fb-photo-post-wrap fts-jal-single-fb-post' ><div  class=\"fts-jal-fb-right-wrap\"><div class=\"fts-jal-fb-top-wrap \"><div class=\"fts-jal-fb-user-thumb\"><a href=\"https:\/\/www.facebook.com\/180823495353916\" target=\"_blank\" rel=\"noreferrer\"><img decoding=\"async\" border=\"0\" alt=\"Ilomantsin ortodoksinen kappeliseurakunta\" src=\"https:\/\/scontent-hel3-1.xx.fbcdn.net\/v\/t39.30808-1\/307133508_395021282832719_6123575509977562255_n.jpg?stp=cp0_dst-jpg_s50x50_tt6&amp;_nc_cat=103&amp;ccb=1-7&amp;_nc_sid=f907e8&amp;_nc_ohc=ju0lJV1BmdgQ7kNvwEhb0ye&amp;_nc_oc=AdpZ8I7AnVuuuWZiAXx_srLd3iWU2jmwcJAj67XhzkgFgNhPS2o-n9Sottueru-P-O0o00GHiGY-tOdkd3V8KuEk&amp;_nc_zt=24&amp;_nc_ht=scontent-hel3-1.xx&amp;edm=AJdBtusEAAAA&amp;_nc_gid=-8IWiJDH6BcbvXpN2II-aw&amp;_nc_tpa=Q5bMBQLMZI-FXqHLcZu8zvk94DvEILkDoqerDxIqRzMuCXOJPYUiHXjjNDK318tZ54o4H5XfUOozEUDR2w&amp;oh=00_AQJTYh8ERBP5qaLpxzWBGr999yDQ5hXXugShdAt4Fc0qrg&amp;oe=6A9F5E45\"\/><\/a><\/div><span class=\"fts-jal-fb-user-name\"><a href=\"https:\/\/www.facebook.com\/180823495353916\" target=\"_blank\" rel=\"noreferrer\">Ilomantsin ortodoksinen kappeliseurakunta<\/a><\/span><span class=\"fts-jal-fb-post-time\">2 viikkoa sitten<\/span><div class=\"fts-clear\"><\/div><div class=\"fts-jal-fb-message\">Viikko 35 toiminta- ja jumalanpalveluskalenteri <br \/>\n<br \/>\nMa 24.8. klo 9-12 kanslia palvelee, Seurakuntakeskus Elia<br \/>\nKe 27.8. klo 17 ehtoopalvelus, Elian kirkko<br \/>\nLa 29.8. klo 17 ehtoopalvelus, Elian kirkko<br \/>\nSu 30.8. klo 9 aamupalvelus ja liturgia, Elian kirkko<br \/>\n<br \/>\nKuva: 30.8. kirkkomme muistelee pyhitt\u00e4j\u00e4 Aleksanteri Syv\u00e4ril\u00e4ist\u00e4, Karjalan valistajaa<br \/>\n\"Kirkkaan t\u00e4hden kaltaisena sin\u00e4, is\u00e4, loistit Pohjolassa. Asettuen er\u00e4maahan halusit seurata Kristusta ja ottaen kantaaksesi kunniakkaan ristin ikeen kuoletit ruumiilliset himot kilvoitusvaivoillasi.Sen t\u00e4hden me veisaamme sinulle: \"Pelasta laumasi, jonka viisaasti kokosit, ett\u00e4 huutaisimme sinulle: Iloitse, pyhitt\u00e4j\u00e4is\u00e4mme Aleksanteri.\"<br \/>\nKontakki, 8. s\u00e4v.<br \/>\n<br \/>\nAsiaa seurakuntaan? Kanslia 050 470 6383, is\u00e4 Jaso 0400 470 280. Ilomantsin kanslian ollessa kiinni kanslian puhelimeen soitetut puhelut ohjautuvat suoraan Joensuun seurakunnan kansliaan<div class=\"fts-clear\"><\/div><\/div><\/div><div class=\"fts-jal-fb-link-wrap fts-album-photos-wrap\"><a href=\"https:\/\/www.facebook.com\/photo.php?fbid=1384055383929299&#038;set=a.395021262832721&#038;type=3\" target=\"_blank\" rel=\"noreferrer\" class=\"fts-jal-fb-picture\"><img decoding=\"async\" border=\"0\" alt=\"Ilomantsin ortodoksinen kappeliseurakunta\" src=\"https:\/\/scontent-hel3-1.xx.fbcdn.net\/v\/t39.30808-6\/782641093_1382472580754246_6530143427277482575_n.jpg?stp=dst-jpg_p720x720_tt6&#038;_nc_cat=107&#038;ccb=1-7&#038;_nc_sid=127cfc&#038;_nc_ohc=pt8ww20vBIMQ7kNvwF8fTvA&#038;_nc_oc=AdrPl01XNoYIQmpUFJBPg3AUPjHYJrzaoaeNnzDOCiM_xIjpXTV6qNCXrhOFWwnLF10TDJLGS4vtOSP-nK8hHsaf&#038;_nc_zt=23&#038;_nc_ht=scontent-hel3-1.xx&#038;edm=AKIiGfEEAAAA&#038;_nc_gid=3Cqaoie41unv4IXAME54MQ&#038;_nc_tpa=Q5bMBQIH_MQphEenj03OnuKJp8PD7QRx-SbZWFrAXz8JDJzP_5pbwa57IQPbeF6I5-yottW4cwFIX6YLFw&#038;oh=00_AQLypR-4s_Pni0wH4HaNfraG3aB5WeeTvzIbO7SV7HCqzw&#038;oe=6A9F8DD7\"\/><\/a><div class=\"slicker-facebook-album-photoshadow\"><\/div><div class=\"fts-jal-fb-description-wrap fts-photo-caption-text\"><div class=\"fts-clear\"><\/div><\/div><div class=\"fts-clear\"><\/div><\/div><div class=\"fts-clear\"><\/div><\/div><div class=\"fts-likes-shares-etc-wrap\"><div class=\"fts-fb-likes-shares-etc-content\"><a href=\"https:\/\/www.facebook.com\/photo.php?fbid=1384055383929299&#038;set=a.395021262832721&#038;type=3\" target=\"_blank\" rel=\"noreferrer\" class=\"fts-jal-fb-see-more\"><span class=\"fts-count-wrap fts-likes-wrap\"><i class=\"icon-thumbs-up\"><\/i>23<\/span><span class=\"fts-count-wrap fts-comments-wrap\"><\/span><span class=\"fts-count-wrap fts-shares-wrap\"><span class=\"fts-count-wrap fts-shares-wrap\"><i class=\"icon-file\"><\/i>3<\/span><\/span><\/a><div class=\"fts-shares-view-on-fb-wrap\"><a href=\"https:\/\/www.facebook.com\/photo.php?fbid=1384055383929299&#038;set=a.395021262832721&#038;type=3\" target=\"_blank\" rel=\"noreferrer\" class=\"fts-view-on-facebook-url fts-jal-fb-see-more\"><span class=\"fts-view-on-facebook\">Avaa Facebookissa<\/span><\/a><div class=\"fts-share-wrap\"><a href=\"javascript:;\" class=\"ft-gallery-link-popup\" title=\"Social Share Options\"><\/a><div class=\"ft-gallery-share-wrap\"><a href=\"https:\/\/www.facebook.com\/sharer\/sharer.php?u=https:\/\/www.facebook.com\/photo.php?fbid=1384055383929299&amp;set=a.395021262832721&amp;type=3\" target=\"_blank\" rel=\"noreferrer\" class=\"ft-galleryfacebook-icon\" title=\"Share this post on Facebook\"><i class=\"fa fa-facebook-square\"><\/i><\/a><a href=\"https:\/\/twitter.com\/intent\/tweet?text=https:\/\/www.facebook.com\/photo.php?fbid=1384055383929299&amp;set=a.395021262832721&amp;type=3+1\" target=\"_blank\" rel=\"noreferrer\" class=\"ft-gallerytwitter-icon\" title=\"Share this post on Twitter\"><i class=\"fa fa-twitter\"><\/i><\/a><a href=\"https:\/\/www.linkedin.com\/shareArticle?mini=true&amp;url=https:\/\/www.facebook.com\/photo.php?fbid=1384055383929299&amp;set=a.395021262832721&amp;type=3\" target=\"_blank\" rel=\"noreferrer\" class=\"ft-gallerylinkedin-icon\" title=\"Share this post on Linkedin\"><i class=\"fa fa-linkedin\"><\/i><\/a><a href=\"mailto:?subject=Shared Link&amp;body=https:\/\/www.facebook.com\/photo.php?fbid=1384055383929299&amp;set=a.395021262832721&amp;type=3 - 1\" target=\"_blank\" rel=\"noreferrer\" class=\"ft-galleryemail-icon\" title=\"Share this post in your email\"><i class=\"fa fa-envelope\"><\/i><\/a><\/div><\/div><\/div><\/div><\/div><div class=\"fts-clear\"><\/div><\/div><div class=\"fts-jal-single-fb-post\"><div  class=\"fts-jal-fb-right-wrap\"><div class=\"fts-jal-fb-top-wrap \"><div class=\"fts-jal-fb-user-thumb\"><a href=\"https:\/\/www.facebook.com\/180823495353916\" target=\"_blank\" rel=\"noreferrer\"><img decoding=\"async\" border=\"0\" alt=\"Ilomantsin ortodoksinen kappeliseurakunta\" src=\"https:\/\/scontent-hel3-1.xx.fbcdn.net\/v\/t39.30808-1\/307133508_395021282832719_6123575509977562255_n.jpg?stp=cp0_dst-jpg_s50x50_tt6&amp;_nc_cat=103&amp;ccb=1-7&amp;_nc_sid=f907e8&amp;_nc_ohc=ju0lJV1BmdgQ7kNvwEhb0ye&amp;_nc_oc=AdpZ8I7AnVuuuWZiAXx_srLd3iWU2jmwcJAj67XhzkgFgNhPS2o-n9Sottueru-P-O0o00GHiGY-tOdkd3V8KuEk&amp;_nc_zt=24&amp;_nc_ht=scontent-hel3-1.xx&amp;edm=AJdBtusEAAAA&amp;_nc_gid=-8IWiJDH6BcbvXpN2II-aw&amp;_nc_tpa=Q5bMBQLMZI-FXqHLcZu8zvk94DvEILkDoqerDxIqRzMuCXOJPYUiHXjjNDK318tZ54o4H5XfUOozEUDR2w&amp;oh=00_AQJTYh8ERBP5qaLpxzWBGr999yDQ5hXXugShdAt4Fc0qrg&amp;oe=6A9F5E45\"\/><\/a><\/div><span class=\"fts-jal-fb-user-name\"><a href=\"https:\/\/www.facebook.com\/180823495353916\" target=\"_blank\" rel=\"noreferrer\">Ilomantsin ortodoksinen kappeliseurakunta<\/a><\/span><span class=\"fts-jal-fb-post-time\">3 viikkoa sitten<\/span><div class=\"fts-clear\"><\/div><div class=\"fts-jal-fb-message\">Viikko 34 toiminta- ja jumalanpalveluskalenteri<br \/>\n<br \/>\nMa 17.8. klo 9-12 kanslia palvelee, Seurakuntakeskus Elia<br \/>\nKe 19.8. klo 17 ehtoopalvelus, p. Elian kirkko<br \/>\nSu 23.8. klo 9 aamupalvelus; klo 10 liturgia, p. Elian kirkko<br \/>\n<br \/>\nLa 22.8. HUOM! Ei ehtoopalvelusta<div class=\"fts-clear\"><\/div><\/div><\/div><div class=\"fts-clear\"><\/div><\/div><div class=\"fts-likes-shares-etc-wrap\"><div class=\"fts-fb-likes-shares-etc-content\"><a href=\"https:\/\/www.facebook.com\/180823495353916_180823495353916_1378081941193310\" target=\"_blank\" rel=\"noreferrer\" class=\"fts-view-on-facebook-url fts-jal-fb-see-more\"><span class=\"fts-count-wrap fts-likes-wrap\"><i class=\"icon-thumbs-up\"><\/i>6<\/span><span class=\"fts-count-wrap fts-comments-wrap\"><\/span><span class=\"fts-count-wrap fts-shares-wrap\"><span class=\"fts-count-wrap fts-shares-wrap\"><i class=\"icon-file\"><\/i>1<\/span><\/span><\/a><div class=\"fts-shares-view-on-fb-wrap\"><a href=\"https:\/\/www.facebook.com\/180823495353916_180823495353916_1378081941193310\" target=\"_blank\" rel=\"noreferrer\" class=\"fts-view-on-facebook-url fts-jal-fb-see-more\"><span class=\"fts-view-on-facebook\">Avaa Facebookissa<\/span><\/a><div class=\"fts-share-wrap\"><a href=\"javascript:;\" class=\"ft-gallery-link-popup\" title=\"Social Share Options\"><\/a><div class=\"ft-gallery-share-wrap\"><a href=\"https:\/\/www.facebook.com\/sharer\/sharer.php?u=https:\/\/www.facebook.com\/180823495353916_180823495353916_1378081941193310\" target=\"_blank\" rel=\"noreferrer\" class=\"ft-galleryfacebook-icon\" title=\"Share this post on Facebook\"><i class=\"fa fa-facebook-square\"><\/i><\/a><a href=\"https:\/\/twitter.com\/intent\/tweet?text=https:\/\/www.facebook.com\/180823495353916_180823495353916_1378081941193310+1\" target=\"_blank\" rel=\"noreferrer\" class=\"ft-gallerytwitter-icon\" title=\"Share this post on Twitter\"><i class=\"fa fa-twitter\"><\/i><\/a><a href=\"https:\/\/www.linkedin.com\/shareArticle?mini=true&amp;url=https:\/\/www.facebook.com\/180823495353916_180823495353916_1378081941193310\" target=\"_blank\" rel=\"noreferrer\" class=\"ft-gallerylinkedin-icon\" title=\"Share this post on Linkedin\"><i class=\"fa fa-linkedin\"><\/i><\/a><a href=\"mailto:?subject=Shared Link&amp;body=https:\/\/www.facebook.com\/180823495353916_180823495353916_1378081941193310 - 1\" target=\"_blank\" rel=\"noreferrer\" class=\"ft-galleryemail-icon\" title=\"Share this post in your email\"><i class=\"fa fa-envelope\"><\/i><\/a><\/div><\/div><\/div><\/div><\/div><div class=\"fts-clear\"><\/div><\/div><div class=\"fts-jal-single-fb-post\"><div  class=\"fts-jal-fb-right-wrap\"><div class=\"fts-jal-fb-top-wrap \"><div class=\"fts-jal-fb-user-thumb\"><a href=\"https:\/\/www.facebook.com\/180823495353916\" target=\"_blank\" rel=\"noreferrer\"><img decoding=\"async\" border=\"0\" alt=\"Ilomantsin ortodoksinen kappeliseurakunta\" src=\"https:\/\/scontent-hel3-1.xx.fbcdn.net\/v\/t39.30808-1\/307133508_395021282832719_6123575509977562255_n.jpg?stp=cp0_dst-jpg_s50x50_tt6&amp;_nc_cat=103&amp;ccb=1-7&amp;_nc_sid=f907e8&amp;_nc_ohc=ju0lJV1BmdgQ7kNvwEhb0ye&amp;_nc_oc=AdpZ8I7AnVuuuWZiAXx_srLd3iWU2jmwcJAj67XhzkgFgNhPS2o-n9Sottueru-P-O0o00GHiGY-tOdkd3V8KuEk&amp;_nc_zt=24&amp;_nc_ht=scontent-hel3-1.xx&amp;edm=AJdBtusEAAAA&amp;_nc_gid=-8IWiJDH6BcbvXpN2II-aw&amp;_nc_tpa=Q5bMBQLMZI-FXqHLcZu8zvk94DvEILkDoqerDxIqRzMuCXOJPYUiHXjjNDK318tZ54o4H5XfUOozEUDR2w&amp;oh=00_AQJTYh8ERBP5qaLpxzWBGr999yDQ5hXXugShdAt4Fc0qrg&amp;oe=6A9F5E45\"\/><\/a><\/div><span class=\"fts-jal-fb-user-name\"><a href=\"https:\/\/www.facebook.com\/180823495353916\" target=\"_blank\" rel=\"noreferrer\">Ilomantsin ortodoksinen kappeliseurakunta<\/a><\/span><span class=\"fts-jal-fb-post-time\">4 viikkoa sitten<\/span><div class=\"fts-clear\"><\/div><div class=\"fts-jal-fb-message\">Viikko 33 toiminta- ja jumalanpalveluskalenteri<br \/>\n<br \/>\nMa 10.8. klo 9-12 kanslia palvelee, Seurakuntakeskus Elia<br \/>\nKe 12.8. klo 17 ehtoopalvelus, Elian kirkko<br \/>\nLa 15.8. klo 10 liturgia (Uspenia), P. Hannan kirkko, Sonkajanranta<br \/>\nLa 15.8. klo 17 suuri ehtoopalvelus, Elian kirkko<br \/>\nSu 16.8. klo 9 aamupalvelus ja liturgia, Elian kirkko<br \/>\n<br \/>\nMarian kuolonuneen nukkumisen juhla 15.8. on kirkkovuoden viimeinen suuri juhla. Syyskuun alusta alkavan kirkkovuoden ensimm\u00e4inen suuri juhla on Neitsyt Marian syntym\u00e4juhla. Jumalan\u00e4idin kuoleman juhla eli Uspenie on kirkkomme p\u00e4\u00e4katedraalin (Uspenskin katedraali Helsingiss\u00e4) vuosijuhla. Marian kuolema on kuva kristityn ihmisen kuolemasta, jossa s\u00e4ilyy yhteys yl\u00f6snousseeseen Kristuksen. Se on kuolema ilman eroa, koska Kristuksessa kaikki el\u00e4v\u00e4t. T\u00e4m\u00e4 juhla antaa meille toivoa, lis\u00e4\u00e4 uskoamme ja johdattaa rakkauteen.<br \/>\n<br \/>\nJuhlan tropari<br \/>\n\u201cOi Jumalansynnytt\u00e4j\u00e4, sin\u00e4 synnytt\u00e4ess\u00e4si s\u00e4ilytit neitsyyden | ja kuolonuneen nukkuessasi et maailmaa hylj\u00e4nnyt. | Sin\u00e4 el\u00e4m\u00e4n \u00e4itin\u00e4 menit El\u00e4m\u00e4n tyk\u00f6 || ja rukouksillasi p\u00e4\u00e4st\u00e4t\u00e4 kuolemasta meid\u00e4n sielumme.\u201d<div class=\"fts-clear\"><\/div><\/div><\/div><div class=\"fts-clear\"><\/div><\/div><div class=\"fts-likes-shares-etc-wrap\"><div class=\"fts-fb-likes-shares-etc-content\"><a href=\"https:\/\/www.facebook.com\/180823495353916_180823495353916_1371934491808055\" target=\"_blank\" rel=\"noreferrer\" class=\"fts-view-on-facebook-url fts-jal-fb-see-more\"><span class=\"fts-count-wrap fts-likes-wrap\"><i class=\"icon-thumbs-up\"><\/i>10<\/span><span class=\"fts-count-wrap fts-comments-wrap\"><\/span><span class=\"fts-count-wrap fts-shares-wrap\"><span class=\"fts-count-wrap fts-shares-wrap\"><i class=\"icon-file\"><\/i>1<\/span><\/span><\/a><div class=\"fts-shares-view-on-fb-wrap\"><a href=\"https:\/\/www.facebook.com\/180823495353916_180823495353916_1371934491808055\" target=\"_blank\" rel=\"noreferrer\" class=\"fts-view-on-facebook-url fts-jal-fb-see-more\"><span class=\"fts-view-on-facebook\">Avaa Facebookissa<\/span><\/a><div class=\"fts-share-wrap\"><a href=\"javascript:;\" class=\"ft-gallery-link-popup\" title=\"Social Share Options\"><\/a><div class=\"ft-gallery-share-wrap\"><a href=\"https:\/\/www.facebook.com\/sharer\/sharer.php?u=https:\/\/www.facebook.com\/180823495353916_180823495353916_1371934491808055\" target=\"_blank\" rel=\"noreferrer\" class=\"ft-galleryfacebook-icon\" title=\"Share this post on Facebook\"><i class=\"fa fa-facebook-square\"><\/i><\/a><a href=\"https:\/\/twitter.com\/intent\/tweet?text=https:\/\/www.facebook.com\/180823495353916_180823495353916_1371934491808055+1\" target=\"_blank\" rel=\"noreferrer\" class=\"ft-gallerytwitter-icon\" title=\"Share this post on Twitter\"><i class=\"fa fa-twitter\"><\/i><\/a><a href=\"https:\/\/www.linkedin.com\/shareArticle?mini=true&amp;url=https:\/\/www.facebook.com\/180823495353916_180823495353916_1371934491808055\" target=\"_blank\" rel=\"noreferrer\" class=\"ft-gallerylinkedin-icon\" title=\"Share this post on Linkedin\"><i class=\"fa fa-linkedin\"><\/i><\/a><a href=\"mailto:?subject=Shared Link&amp;body=https:\/\/www.facebook.com\/180823495353916_180823495353916_1371934491808055 - 1\" target=\"_blank\" rel=\"noreferrer\" class=\"ft-galleryemail-icon\" title=\"Share this post in your email\"><i class=\"fa fa-envelope\"><\/i><\/a><\/div><\/div><\/div><\/div><\/div><div class=\"fts-clear\"><\/div><\/div><\/div><div class=\"fts-clear\"><\/div><div id=\"fb-root\"><\/div>\n","protected":false},"excerpt":{"rendered":"<p>Kalenteri Jumalanpalvelus \/ Tapahtuma &nbsp; Ilomantsin pyh\u00e4n Elian seurakunta tuo pyhyytt\u00e4 arkeesi! Seurakuntamme on aktiivinen jumalanpalvelusyhteis\u00f6. Ydintoimintaamme ovat jumalanpalvelukset ja niiden ymp\u00e4rille rakentuva my\u00f6nteinen ortodoksinen el\u00e4m\u00e4nn\u00e4kemys. Seurakuntamme aktiivinen toiminta perustuu &#8230; <a title=\"Etusivu\" class=\"read-more\" href=\"https:\/\/ort.fi\/ilomantsi\/\" aria-label=\"Lue lis\u00e4\u00e4 aiheesta Etusivu\">Lue lis\u00e4\u00e4<\/a><\/p>\n","protected":false},"author":4,"featured_media":0,"parent":0,"menu_order":0,"comment_status":"closed","ping_status":"closed","template":"","meta":{"ngg_post_thumbnail":0,"footnotes":""},"class_list":["post-30","page","type-page","status-publish"],"_links":{"self":[{"href":"https:\/\/ort.fi\/ilomantsi\/wp-json\/wp\/v2\/pages\/30","targetHints":{"allow":["GET"]}}],"collection":[{"href":"https:\/\/ort.fi\/ilomantsi\/wp-json\/wp\/v2\/pages"}],"about":[{"href":"https:\/\/ort.fi\/ilomantsi\/wp-json\/wp\/v2\/types\/page"}],"author":[{"embeddable":true,"href":"https:\/\/ort.fi\/ilomantsi\/wp-json\/wp\/v2\/users\/4"}],"replies":[{"embeddable":true,"href":"https:\/\/ort.fi\/ilomantsi\/wp-json\/wp\/v2\/comments?post=30"}],"version-history":[{"count":119,"href":"https:\/\/ort.fi\/ilomantsi\/wp-json\/wp\/v2\/pages\/30\/revisions"}],"predecessor-version":[{"id":10613,"href":"https:\/\/ort.fi\/ilomantsi\/wp-json\/wp\/v2\/pages\/30\/revisions\/10613"}],"wp:attachment":[{"href":"https:\/\/ort.fi\/ilomantsi\/wp-json\/wp\/v2\/media?parent=30"}],"curies":[{"name":"wp","href":"https:\/\/api.w.org\/{rel}","templated":true}]}}